{"id":8100,"date":"2026-03-05T17:39:08","date_gmt":"2026-03-05T16:39:08","guid":{"rendered":"https:\/\/www.kulturgut-poggenhagen.de\/kulturgut\/wordpress\/?post_type=portfolio&#038;p=8100"},"modified":"2026-04-08T13:38:09","modified_gmt":"2026-04-08T11:38:09","slug":"the-circle-of-nature","status":"publish","type":"portfolio","link":"https:\/\/www.kulturgut-poggenhagen.de\/kulturgut\/wordpress\/portfolio\/the-circle-of-nature\/","title":{"rendered":"The Circle Of Nature"},"content":{"rendered":"<div class=\"wpb-content-wrapper\"><p>[vc_row][vc_column][vc_column_text css=&#8220;&#8220;]<\/p>\n<h5 class=\"info_section_title\">von und mit Peter Trabner<\/h5>\n<p>Theater im \u00f6ffentlichen Raum ist Peter Trabners gro\u00dfe Leidenschaft. Er liebt den direkten Kontakt mit seinem Publikum und seine Shows sind \u00fcber weite Strecken frei improvisiert, ungez\u00fcgelt, wild und herausragend. Au\u00dferdem arbeitet er als Schauspieler in den Bereichen Theater, Film- und Fernsehen.[\/vc_column_text][vc_column_text css=&#8220;.vc_custom_1773473813763{padding-top: 25px !important;padding-right: 25px !important;padding-bottom: 30px !important;padding-left: 25px !important;background-color: #EEEEEE !important;}&#8220;]<em>Uns erreichte der wortgewaltige Darsteller an einem harmlosen Sonntagnachmittag auf Ralfs K\u00fcchenbank, wo wir f\u00fcr ein erstaunlichens Weilchen verga\u00dfen, unsere M\u00fcnder wieder zu schlie\u00dfen und unserem engagierten Gast vor lauter Faszination auch leider keinerlei Getr\u00e4nk anboten, daf\u00fcr aber nat\u00fcrlich einen Termin f\u00fcr eine erste Darbietung bei uns \u2013 er hat n\u00e4mlich noch mehr spannende Formate in Petto &#8230;<\/em>[\/vc_column_text][vc_column_text css=&#8220;&#8220;]Am 23. Mai habt Ihr nun also die Gelegenheit, Peter Trabner im Rahmen der <a href=\"https:\/\/intraregionale.org\/\" target=\"_blank\" rel=\"noopener\">IntraRegionale 2026<\/a> selber zu erleben: Gemeinsam mit einem unserer uralten Parkb\u00e4ume bringt er in &#8222;The Circle Of Nature&#8220; das Umweltdrama \u201eDer Tod des Empedokles\u201c (nach einem Fragment von H\u00f6lderlin) auf die B\u00fchne. Gespielt wird mit einem Baum, der zugleich Anspielpartner und Repr\u00e4sentant der Natur ist. Die Inszenierung verbindet klassische Theatertexte, Alltagssprache, freie Improvisation und absurde Assoziationsketten. Im Zentrum stehen Fragen nach Verantwortung, Scheitern und dem Verh\u00e4ltnis von Mensch und Umwelt.[\/vc_column_text][vc_column_text css=&#8220;.vc_custom_1772732177290{margin-top: 25px !important;}&#8220;]Empedokles (ca. 495\u2013435 v. Chr.) war Philosoph, Dichter und Naturdenker; der Legende nach sprang er in den \u00c4tna, um Teil des Ganzen zu bleiben.<\/p>\n<p>Ein St\u00fcck, das zugleich klarsichtig und bitter-ironisch beobachtet, wie \u201eNatur\u201c zur beruhigenden Erz\u00e4hlung wird \u2013 w\u00e4hrend deren Ausbeutung l\u00e4ngst weiterl\u00e4uft.[\/vc_column_text][vc_column_text css=&#8220;.vc_custom_1773474010380{padding-top: 25px !important;padding-right: 25px !important;padding-bottom: 30px !important;padding-left: 25px !important;background-color: #EEEEEE !important;}&#8220;]Gutspark und Gel\u00e4nde laden wie immer zum Spazieren und Entdecken ein, und um diesen kleinen Pfingstausflug kulinarisch abzurunden, \u00f6ffen wir f\u00fcr Euch unser liebevoll best\u00fccktes<\/p>\n<p><strong>Hofcafe ab 15 Uhr.<\/strong>[\/vc_column_text][\/vc_column][\/vc_row][vc_row][vc_column][vc_column_text css=&#8220;&#8220;]Mehr dazu unter:<\/p>\n<p><a href=\"https:\/\/thecircleofnature.de\" target=\"_blank\" rel=\"noopener\">thecircleofnature.de<\/a><\/p>\n<p>&nbsp;<\/p>\n<p>Im Rahmen der IntraRegionale 2026:<\/p>\n<p><a href=\"https:\/\/intraregionale.org\/\" target=\"_blank\" rel=\"noopener\">intraregionale.org<\/a>[\/vc_column_text][\/vc_column][\/vc_row][vc_row][vc_column][vc_column_text css=&#8220;&#8220;]Kooperationspartner der IntraRegionale:[\/vc_column_text][\/vc_column][\/vc_row][vc_row][vc_column width=&#8220;1\/2&#8243;][vc_single_image image=&#8220;8178&#8243; img_size=&#8220;medium&#8220; css=&#8220;.vc_custom_1773409897956{margin-top: -20px !important;padding-top: 0px !important;}&#8220;][\/vc_column][vc_column width=&#8220;1\/2&#8243;][\/vc_column][\/vc_row][vc_row][vc_column][vc_column_text css=&#8220;.vc_custom_1773409984209{margin-bottom: 15px !important;}&#8220;]F\u00f6rderer der IntraRegionale:[\/vc_column_text][vc_row_inner][vc_column_inner width=&#8220;1\/3&#8243; offset=&#8220;vc_col-xs-4&#8243;][vc_single_image image=&#8220;8179&#8243; img_size=&#8220;medium&#8220; alignment=&#8220;center&#8220; css=&#8220;.vc_custom_1773409606442{margin-top: 20px !important;}&#8220;][\/vc_column_inner][vc_column_inner width=&#8220;1\/3&#8243; offset=&#8220;vc_col-xs-4&#8243;][vc_single_image image=&#8220;8177&#8243; img_size=&#8220;medium&#8220; alignment=&#8220;center&#8220; css=&#8220;.vc_custom_1773409632015{margin-top: 38px !important;}&#8220;][\/vc_column_inner][vc_column_inner width=&#8220;1\/3&#8243; offset=&#8220;vc_col-xs-4&#8243;][vc_single_image image=&#8220;8173&#8243; img_size=&#8220;medium&#8220; alignment=&#8220;center&#8220; css=&#8220;&#8220;][\/vc_column_inner][\/vc_row_inner][vc_row_inner][vc_column_inner width=&#8220;1\/3&#8243; offset=&#8220;vc_col-xs-4&#8243;][vc_single_image image=&#8220;8184&#8243; img_size=&#8220;medium&#8220; alignment=&#8220;center&#8220; css=&#8220;&#8220;][\/vc_column_inner][vc_column_inner width=&#8220;1\/3&#8243; offset=&#8220;vc_col-xs-4&#8243;][vc_single_image image=&#8220;8174&#8243; img_size=&#8220;medium&#8220; alignment=&#8220;center&#8220; css=&#8220;&#8220;][\/vc_column_inner][vc_column_inner width=&#8220;1\/3&#8243; offset=&#8220;vc_col-xs-4&#8243;][vc_single_image image=&#8220;8175&#8243; img_size=&#8220;medium&#8220; alignment=&#8220;center&#8220; css=&#8220;&#8220;][\/vc_column_inner][\/vc_row_inner][\/vc_column][\/vc_row]<\/p>\n<\/div>","protected":false},"excerpt":{"rendered":"<p>[vc_row][vc_column][vc_column_text css=&#8220;&#8220;] von und mit Peter Trabner Theater im \u00f6ffentlichen Raum ist Peter Trabners gro\u00dfe Leidenschaft. Er liebt den direkten Kontakt mit seinem Publikum und seine Shows sind \u00fcber weite Strecken frei improvisiert, ungez\u00fcgelt, wild und herausragend. Au\u00dferdem arbeitet er als Schauspieler in den Bereichen Theater, Film- und Fernsehen.[\/vc_column_text][vc_column_text css=&#8220;.vc_custom_1773473813763{padding-top: 25px !important;padding-right: 25px !important;padding-bottom: 30px&hellip;<\/p>\n","protected":false},"author":1,"featured_media":8124,"comment_status":"closed","ping_status":"closed","template":"","meta":{"_acf_changed":false,"footnotes":""},"portfolio_category":[104,48,107],"portfolio_tag":[],"class_list":["post-8100","portfolio","type-portfolio","status-publish","has-post-thumbnail","hentry","portfolio_category-aktuell","portfolio_category-kultur","portfolio_category-theater"],"acf":[],"yoast_head":"<!-- This site is optimized with the Yoast SEO plugin v27.5 - https:\/\/yoast.com\/product\/yoast-seo-wordpress\/ -->\n<title>The Circle Of Nature - KulturGut Poggenhagen<\/title>\n<meta name=\"description\" content=\"Ein Mann, ein Baum: Peter Trabner spielt das Umweltdrama \u201eDer Tod des Empedokles\u201c am 23. Mai in Poggenhagen \u2013 Improtheater mit Parkbaum.\" \/>\n<meta name=\"robots\" content=\"index, follow, max-snippet:-1, max-image-preview:large, max-video-preview:-1\" \/>\n<link rel=\"canonical\" href=\"https:\/\/www.kulturgut-poggenhagen.de\/kulturgut\/wordpress\/portfolio\/the-circle-of-nature\/\" \/>\n<meta property=\"og:locale\" content=\"de_DE\" \/>\n<meta property=\"og:type\" content=\"article\" \/>\n<meta property=\"og:title\" content=\"The Circle Of Nature - KulturGut Poggenhagen\" \/>\n<meta property=\"og:description\" content=\"Ein Mann, ein Baum: Peter Trabner spielt das Umweltdrama \u201eDer Tod des Empedokles\u201c am 23. Mai in Poggenhagen \u2013 Improtheater mit Parkbaum.\" \/>\n<meta property=\"og:url\" content=\"https:\/\/www.kulturgut-poggenhagen.de\/kulturgut\/wordpress\/portfolio\/the-circle-of-nature\/\" \/>\n<meta property=\"og:site_name\" content=\"KulturGut Poggenhagen\" \/>\n<meta property=\"og:image\" content=\"https:\/\/www.kulturgut-poggenhagen.de\/kulturgut\/wordpress\/wp-content\/uploads\/2026\/03\/trabner-empedokles-9.jpg\" \/>\n\t<meta property=\"og:image:width\" content=\"1000\" \/>\n\t<meta property=\"og:image:height\" content=\"668\" \/>\n\t<meta property=\"og:image:type\" content=\"image\/jpeg\" \/>\n<meta name=\"twitter:card\" content=\"summary_large_image\" \/>\n<meta name=\"twitter:label1\" content=\"Gesch\u00e4tzte Lesezeit\" \/>\n\t<meta name=\"twitter:data1\" content=\"4\u00a0Minuten\" \/>\n<script type=\"application\/ld+json\" class=\"yoast-schema-graph\">{\"@context\":\"https:\\\/\\\/schema.org\",\"@graph\":[{\"@type\":\"WebPage\",\"@id\":\"https:\\\/\\\/www.kulturgut-poggenhagen.de\\\/kulturgut\\\/wordpress\\\/portfolio\\\/the-circle-of-nature\\\/\",\"url\":\"https:\\\/\\\/www.kulturgut-poggenhagen.de\\\/kulturgut\\\/wordpress\\\/portfolio\\\/the-circle-of-nature\\\/\",\"name\":\"The Circle Of Nature - KulturGut Poggenhagen\",\"isPartOf\":{\"@id\":\"https:\\\/\\\/www.kulturgut-poggenhagen.de\\\/kulturgut\\\/wordpress\\\/#website\"},\"primaryImageOfPage\":{\"@id\":\"https:\\\/\\\/www.kulturgut-poggenhagen.de\\\/kulturgut\\\/wordpress\\\/portfolio\\\/the-circle-of-nature\\\/#primaryimage\"},\"image\":{\"@id\":\"https:\\\/\\\/www.kulturgut-poggenhagen.de\\\/kulturgut\\\/wordpress\\\/portfolio\\\/the-circle-of-nature\\\/#primaryimage\"},\"thumbnailUrl\":\"https:\\\/\\\/www.kulturgut-poggenhagen.de\\\/kulturgut\\\/wordpress\\\/wp-content\\\/uploads\\\/2026\\\/03\\\/trabner-empedokles-9.jpg\",\"datePublished\":\"2026-03-05T16:39:08+00:00\",\"dateModified\":\"2026-04-08T11:38:09+00:00\",\"description\":\"Ein Mann, ein Baum: Peter Trabner spielt das Umweltdrama \u201eDer Tod des Empedokles\u201c am 23. Mai in Poggenhagen \u2013 Improtheater mit Parkbaum.\",\"breadcrumb\":{\"@id\":\"https:\\\/\\\/www.kulturgut-poggenhagen.de\\\/kulturgut\\\/wordpress\\\/portfolio\\\/the-circle-of-nature\\\/#breadcrumb\"},\"inLanguage\":\"de\",\"potentialAction\":[{\"@type\":\"ReadAction\",\"target\":[\"https:\\\/\\\/www.kulturgut-poggenhagen.de\\\/kulturgut\\\/wordpress\\\/portfolio\\\/the-circle-of-nature\\\/\"]}]},{\"@type\":\"ImageObject\",\"inLanguage\":\"de\",\"@id\":\"https:\\\/\\\/www.kulturgut-poggenhagen.de\\\/kulturgut\\\/wordpress\\\/portfolio\\\/the-circle-of-nature\\\/#primaryimage\",\"url\":\"https:\\\/\\\/www.kulturgut-poggenhagen.de\\\/kulturgut\\\/wordpress\\\/wp-content\\\/uploads\\\/2026\\\/03\\\/trabner-empedokles-9.jpg\",\"contentUrl\":\"https:\\\/\\\/www.kulturgut-poggenhagen.de\\\/kulturgut\\\/wordpress\\\/wp-content\\\/uploads\\\/2026\\\/03\\\/trabner-empedokles-9.jpg\",\"width\":1000,\"height\":668},{\"@type\":\"BreadcrumbList\",\"@id\":\"https:\\\/\\\/www.kulturgut-poggenhagen.de\\\/kulturgut\\\/wordpress\\\/portfolio\\\/the-circle-of-nature\\\/#breadcrumb\",\"itemListElement\":[{\"@type\":\"ListItem\",\"position\":1,\"name\":\"Startseite\",\"item\":\"https:\\\/\\\/www.kulturgut-poggenhagen.de\\\/kulturgut\\\/wordpress\\\/\"},{\"@type\":\"ListItem\",\"position\":2,\"name\":\"Projekte\",\"item\":\"https:\\\/\\\/www.kulturgut-poggenhagen.de\\\/kulturgut\\\/wordpress\\\/portfolio\\\/\"},{\"@type\":\"ListItem\",\"position\":3,\"name\":\"The Circle Of Nature\"}]},{\"@type\":\"WebSite\",\"@id\":\"https:\\\/\\\/www.kulturgut-poggenhagen.de\\\/kulturgut\\\/wordpress\\\/#website\",\"url\":\"https:\\\/\\\/www.kulturgut-poggenhagen.de\\\/kulturgut\\\/wordpress\\\/\",\"name\":\"KulturGut Poggenhagen\",\"description\":\"Verein f\u00fcr Kunst und Kultur\",\"publisher\":{\"@id\":\"https:\\\/\\\/www.kulturgut-poggenhagen.de\\\/kulturgut\\\/wordpress\\\/#organization\"},\"potentialAction\":[{\"@type\":\"SearchAction\",\"target\":{\"@type\":\"EntryPoint\",\"urlTemplate\":\"https:\\\/\\\/www.kulturgut-poggenhagen.de\\\/kulturgut\\\/wordpress\\\/?s={search_term_string}\"},\"query-input\":{\"@type\":\"PropertyValueSpecification\",\"valueRequired\":true,\"valueName\":\"search_term_string\"}}],\"inLanguage\":\"de\"},{\"@type\":\"Organization\",\"@id\":\"https:\\\/\\\/www.kulturgut-poggenhagen.de\\\/kulturgut\\\/wordpress\\\/#organization\",\"name\":\"KulturGut Poggenhagen e.V.\",\"url\":\"https:\\\/\\\/www.kulturgut-poggenhagen.de\\\/kulturgut\\\/wordpress\\\/\",\"logo\":{\"@type\":\"ImageObject\",\"inLanguage\":\"de\",\"@id\":\"https:\\\/\\\/www.kulturgut-poggenhagen.de\\\/kulturgut\\\/wordpress\\\/#\\\/schema\\\/logo\\\/image\\\/\",\"url\":\"https:\\\/\\\/www.kulturgut-poggenhagen.de\\\/kulturgut\\\/wordpress\\\/wp-content\\\/uploads\\\/2021\\\/03\\\/logo-kulturgut-pink-hoch.png\",\"contentUrl\":\"https:\\\/\\\/www.kulturgut-poggenhagen.de\\\/kulturgut\\\/wordpress\\\/wp-content\\\/uploads\\\/2021\\\/03\\\/logo-kulturgut-pink-hoch.png\",\"width\":535,\"height\":295,\"caption\":\"KulturGut Poggenhagen e.V.\"},\"image\":{\"@id\":\"https:\\\/\\\/www.kulturgut-poggenhagen.de\\\/kulturgut\\\/wordpress\\\/#\\\/schema\\\/logo\\\/image\\\/\"}}]}<\/script>\n<!-- \/ Yoast SEO plugin. -->","yoast_head_json":{"title":"The Circle Of Nature - KulturGut Poggenhagen","description":"Ein Mann, ein Baum: Peter Trabner spielt das Umweltdrama \u201eDer Tod des Empedokles\u201c am 23. Mai in Poggenhagen \u2013 Improtheater mit Parkbaum.","robots":{"index":"index","follow":"follow","max-snippet":"max-snippet:-1","max-image-preview":"max-image-preview:large","max-video-preview":"max-video-preview:-1"},"canonical":"https:\/\/www.kulturgut-poggenhagen.de\/kulturgut\/wordpress\/portfolio\/the-circle-of-nature\/","og_locale":"de_DE","og_type":"article","og_title":"The Circle Of Nature - KulturGut Poggenhagen","og_description":"Ein Mann, ein Baum: Peter Trabner spielt das Umweltdrama \u201eDer Tod des Empedokles\u201c am 23. Mai in Poggenhagen \u2013 Improtheater mit Parkbaum.","og_url":"https:\/\/www.kulturgut-poggenhagen.de\/kulturgut\/wordpress\/portfolio\/the-circle-of-nature\/","og_site_name":"KulturGut Poggenhagen","og_image":[{"width":1000,"height":668,"url":"https:\/\/www.kulturgut-poggenhagen.de\/kulturgut\/wordpress\/wp-content\/uploads\/2026\/03\/trabner-empedokles-9.jpg","type":"image\/jpeg"}],"twitter_card":"summary_large_image","twitter_misc":{"Gesch\u00e4tzte Lesezeit":"4\u00a0Minuten"},"schema":{"@context":"https:\/\/schema.org","@graph":[{"@type":"WebPage","@id":"https:\/\/www.kulturgut-poggenhagen.de\/kulturgut\/wordpress\/portfolio\/the-circle-of-nature\/","url":"https:\/\/www.kulturgut-poggenhagen.de\/kulturgut\/wordpress\/portfolio\/the-circle-of-nature\/","name":"The Circle Of Nature - KulturGut Poggenhagen","isPartOf":{"@id":"https:\/\/www.kulturgut-poggenhagen.de\/kulturgut\/wordpress\/#website"},"primaryImageOfPage":{"@id":"https:\/\/www.kulturgut-poggenhagen.de\/kulturgut\/wordpress\/portfolio\/the-circle-of-nature\/#primaryimage"},"image":{"@id":"https:\/\/www.kulturgut-poggenhagen.de\/kulturgut\/wordpress\/portfolio\/the-circle-of-nature\/#primaryimage"},"thumbnailUrl":"https:\/\/www.kulturgut-poggenhagen.de\/kulturgut\/wordpress\/wp-content\/uploads\/2026\/03\/trabner-empedokles-9.jpg","datePublished":"2026-03-05T16:39:08+00:00","dateModified":"2026-04-08T11:38:09+00:00","description":"Ein Mann, ein Baum: Peter Trabner spielt das Umweltdrama \u201eDer Tod des Empedokles\u201c am 23. Mai in Poggenhagen \u2013 Improtheater mit Parkbaum.","breadcrumb":{"@id":"https:\/\/www.kulturgut-poggenhagen.de\/kulturgut\/wordpress\/portfolio\/the-circle-of-nature\/#breadcrumb"},"inLanguage":"de","potentialAction":[{"@type":"ReadAction","target":["https:\/\/www.kulturgut-poggenhagen.de\/kulturgut\/wordpress\/portfolio\/the-circle-of-nature\/"]}]},{"@type":"ImageObject","inLanguage":"de","@id":"https:\/\/www.kulturgut-poggenhagen.de\/kulturgut\/wordpress\/portfolio\/the-circle-of-nature\/#primaryimage","url":"https:\/\/www.kulturgut-poggenhagen.de\/kulturgut\/wordpress\/wp-content\/uploads\/2026\/03\/trabner-empedokles-9.jpg","contentUrl":"https:\/\/www.kulturgut-poggenhagen.de\/kulturgut\/wordpress\/wp-content\/uploads\/2026\/03\/trabner-empedokles-9.jpg","width":1000,"height":668},{"@type":"BreadcrumbList","@id":"https:\/\/www.kulturgut-poggenhagen.de\/kulturgut\/wordpress\/portfolio\/the-circle-of-nature\/#breadcrumb","itemListElement":[{"@type":"ListItem","position":1,"name":"Startseite","item":"https:\/\/www.kulturgut-poggenhagen.de\/kulturgut\/wordpress\/"},{"@type":"ListItem","position":2,"name":"Projekte","item":"https:\/\/www.kulturgut-poggenhagen.de\/kulturgut\/wordpress\/portfolio\/"},{"@type":"ListItem","position":3,"name":"The Circle Of Nature"}]},{"@type":"WebSite","@id":"https:\/\/www.kulturgut-poggenhagen.de\/kulturgut\/wordpress\/#website","url":"https:\/\/www.kulturgut-poggenhagen.de\/kulturgut\/wordpress\/","name":"KulturGut Poggenhagen","description":"Verein f\u00fcr Kunst und Kultur","publisher":{"@id":"https:\/\/www.kulturgut-poggenhagen.de\/kulturgut\/wordpress\/#organization"},"potentialAction":[{"@type":"SearchAction","target":{"@type":"EntryPoint","urlTemplate":"https:\/\/www.kulturgut-poggenhagen.de\/kulturgut\/wordpress\/?s={search_term_string}"},"query-input":{"@type":"PropertyValueSpecification","valueRequired":true,"valueName":"search_term_string"}}],"inLanguage":"de"},{"@type":"Organization","@id":"https:\/\/www.kulturgut-poggenhagen.de\/kulturgut\/wordpress\/#organization","name":"KulturGut Poggenhagen e.V.","url":"https:\/\/www.kulturgut-poggenhagen.de\/kulturgut\/wordpress\/","logo":{"@type":"ImageObject","inLanguage":"de","@id":"https:\/\/www.kulturgut-poggenhagen.de\/kulturgut\/wordpress\/#\/schema\/logo\/image\/","url":"https:\/\/www.kulturgut-poggenhagen.de\/kulturgut\/wordpress\/wp-content\/uploads\/2021\/03\/logo-kulturgut-pink-hoch.png","contentUrl":"https:\/\/www.kulturgut-poggenhagen.de\/kulturgut\/wordpress\/wp-content\/uploads\/2021\/03\/logo-kulturgut-pink-hoch.png","width":535,"height":295,"caption":"KulturGut Poggenhagen e.V."},"image":{"@id":"https:\/\/www.kulturgut-poggenhagen.de\/kulturgut\/wordpress\/#\/schema\/logo\/image\/"}}]}},"_links":{"self":[{"href":"https:\/\/www.kulturgut-poggenhagen.de\/kulturgut\/wordpress\/wp-json\/wp\/v2\/portfolio\/8100","targetHints":{"allow":["GET"]}}],"collection":[{"href":"https:\/\/www.kulturgut-poggenhagen.de\/kulturgut\/wordpress\/wp-json\/wp\/v2\/portfolio"}],"about":[{"href":"https:\/\/www.kulturgut-poggenhagen.de\/kulturgut\/wordpress\/wp-json\/wp\/v2\/types\/portfolio"}],"author":[{"embeddable":true,"href":"https:\/\/www.kulturgut-poggenhagen.de\/kulturgut\/wordpress\/wp-json\/wp\/v2\/users\/1"}],"replies":[{"embeddable":true,"href":"https:\/\/www.kulturgut-poggenhagen.de\/kulturgut\/wordpress\/wp-json\/wp\/v2\/comments?post=8100"}],"version-history":[{"count":61,"href":"https:\/\/www.kulturgut-poggenhagen.de\/kulturgut\/wordpress\/wp-json\/wp\/v2\/portfolio\/8100\/revisions"}],"predecessor-version":[{"id":8282,"href":"https:\/\/www.kulturgut-poggenhagen.de\/kulturgut\/wordpress\/wp-json\/wp\/v2\/portfolio\/8100\/revisions\/8282"}],"wp:featuredmedia":[{"embeddable":true,"href":"https:\/\/www.kulturgut-poggenhagen.de\/kulturgut\/wordpress\/wp-json\/wp\/v2\/media\/8124"}],"wp:attachment":[{"href":"https:\/\/www.kulturgut-poggenhagen.de\/kulturgut\/wordpress\/wp-json\/wp\/v2\/media?parent=8100"}],"wp:term":[{"taxonomy":"portfolio_category","embeddable":true,"href":"https:\/\/www.kulturgut-poggenhagen.de\/kulturgut\/wordpress\/wp-json\/wp\/v2\/portfolio_category?post=8100"},{"taxonomy":"portfolio_tag","embeddable":true,"href":"https:\/\/www.kulturgut-poggenhagen.de\/kulturgut\/wordpress\/wp-json\/wp\/v2\/portfolio_tag?post=8100"}],"curies":[{"name":"wp","href":"https:\/\/api.w.org\/{rel}","templated":true}]}}