{"id":7864,"date":"2024-08-23T10:40:00","date_gmt":"2024-08-23T08:40:00","guid":{"rendered":"https:\/\/www.kulturgut-poggenhagen.de\/kulturgut\/wordpress\/?post_type=portfolio&#038;p=7864"},"modified":"2024-09-09T08:24:28","modified_gmt":"2024-09-09T06:24:28","slug":"baumsparkasse","status":"publish","type":"portfolio","link":"https:\/\/www.kulturgut-poggenhagen.de\/kulturgut\/wordpress\/portfolio\/baumsparkasse\/","title":{"rendered":"B\u00e4ume"},"content":{"rendered":"<div class=\"wpb-content-wrapper\"><p>[vc_row full_width=&#8220;stretch_row_content&#8220; no_bottom_margin=&#8220;yes&#8220; css=&#8220;.vc_custom_1615382389516{margin-top: 0px !important;margin-bottom: 0px !important;padding-top: 0px !important;padding-bottom: 0px !important;background-color: #ffffff !important;}&#8220;][vc_column 0=&#8220;&#8220; css=&#8220;.vc_custom_1615382208403{margin-top: 0px !important;margin-bottom: 0px !important;padding-top: 0px !important;}&#8220;][vc_separator color=&#8220;black&#8220; css=&#8220;.vc_custom_1615383326776{margin-top: 0px !important;padding-top: 0px !important;}&#8220;][\/vc_column][\/vc_row][vc_row][vc_column css=&#8220;.vc_custom_1615832499145{padding-top: 0px !important;padding-bottom: 0px !important;}&#8220;][vc_column_text css=&#8220;.vc_custom_1723832518023{margin-bottom: 20px !important;}&#8220;]<\/p>\n<h1 style=\"text-align: center;\">B\u00e4ume<\/h1>\n<p>[\/vc_column_text][vc_column_text css=&#8220;&#8220;]<\/p>\n<h4 style=\"text-align: center;\">Warum wir von B\u00e4umen tr\u00e4umen<\/h4>\n<p>[\/vc_column_text][\/vc_column][\/vc_row][vc_row css=&#8220;.vc_custom_1615387322138{margin-top: 30px !important;}&#8220;][vc_column width=&#8220;1\/2&#8243;][vc_single_image image=&#8220;7792&#8243; img_size=&#8220;full&#8220; onclick=&#8220;zoom&#8220; css=&#8220;&#8220;][vc_column_text css=&#8220;&#8220;]Der Gutspark hier ist ja eigentlich schon fast 200 Jahre alt, aber vor etwa 20 Jahren war er nicht mehr zu erkennen.<\/p>\n<p>Schnellwachsende Fichten \u2013 in den 1960er Jahren angepflanzt \u2013 hatten aus dem herrschaftlichen Park einen monotonen kleinen Wald gemacht. Wir haben die pr\u00e4chtigen B\u00e4ume nach und nach freigelegt. Rasen angepflanzt, die alten Wege erneuert.<\/p>\n<p>In der Mitte des Parks standen eine wundersch\u00f6ne vierst\u00e4mmige Linde sowie eine geschlitzbl\u00e4ttrige Buche und eine Fichte \u2013 beide fast 30 Meter hoch. Vor drei Jahren mussten wir die Fichte f\u00e4llen, weil sie nicht mehr standsicher war. In diesem Jahr haben auch die Linde und die Buche das Zeitliche gesegnet. Die Linde ist bei einem Unwetter einfach auseinandergebrochen. Die Buche war von einem Pilz befallen und leider nicht mehr zu retten.<\/p>\n<p>Damit der dieser historische Gutspark auch in 100 Jahren noch mit seiner Sch\u00f6nheit Menschen einl\u00e4dt und bezaubert wie heute, m\u00f6chten wir dringend B\u00e4ume nachpflanzen.<\/p>\n<p>Wir freuen uns, wenn Ihr uns dabei unterst\u00fctzt![\/vc_column_text][\/vc_column][vc_column width=&#8220;1\/2&#8243;][vc_single_image image=&#8220;7823&#8243; img_size=&#8220;full&#8220; onclick=&#8220;zoom&#8220; css=&#8220;&#8220;][\/vc_column][\/vc_row][vc_row full_width=&#8220;stretch_row_content_no_spaces&#8220; no_bottom_margin=&#8220;yes&#8220; css=&#8220;.vc_custom_1708692308221{margin-top: 0px !important;padding-top: 0px !important;padding-bottom: 0px !important;background-color: #ffffff !important;}&#8220;][vc_column 0=&#8220;&#8220; css=&#8220;.vc_custom_1677500767067{margin-top: 0px !important;margin-bottom: 0px !important;padding-top: 20px !important;padding-bottom: 0px !important;}&#8220;][vc_separator color=&#8220;black&#8220;][vc_row_inner content_placement=&#8220;middle&#8220;][vc_column_inner css=&#8220;.vc_custom_1615832093540{padding-top: 0px !important;padding-bottom: 0px !important;}&#8220;][vc_column_text css=&#8220;.vc_custom_1724399788122{margin-top: 10px !important;margin-bottom: 50px !important;padding-bottom: 0px !important;}&#8220;]<\/p>\n<h4 style=\"text-align: center;\">So ein Baum ist leider ganz sch\u00f6n teuer &#8230;<\/h4>\n<p style=\"text-align: center;\">Daher freuen wir uns sehr \u00fcber Spenden f\u00fcr unsere Baumsparkasse, zb. \u00fcber unser Paypal-Konto:<\/p>\n<p style=\"text-align: center;\"><strong>&#x69;&#x6e;&#102;o&#x40;&#x6b;&#x75;&#108;t&#x75;&#x72;&#x67;&#117;t&#x2d;&#x70;&#x6f;&#103;g&#x65;&#x6e;&#x68;&#97;g&#x65;&#x6e;&#x2e;&#100;e<\/strong><\/p>\n<p>&nbsp;<\/p>\n<p style=\"text-align: center;\">Wenn Du eine Spendenquittung brauchst,<br \/>\n<a href=\"&#109;&#x61;&#105;&#x6c;&#116;&#x6f;:&#x69;n&#x66;o&#64;&#x6b;&#117;&#x6c;&#116;&#x75;&#114;&#x67;u&#x74;-&#x70;o&#103;&#x67;&#101;&#x6e;&#104;&#x61;&#103;&#x65;n&#x2e;d&#x65;\">melde dich gerne bei uns!<\/a><\/p>\n<p>[\/vc_column_text][\/vc_column_inner][\/vc_row_inner][vc_separator color=&#8220;black&#8220;][\/vc_column][\/vc_row][vc_row full_width=&#8220;stretch_row_content&#8220; css=&#8220;.vc_custom_1618227429408{margin-top: 30px !important;margin-bottom: 30px !important;}&#8220;][vc_column][vc_tta_accordion gap=&#8220;10&#8243; c_icon=&#8220;chevron&#8220; active_section=&#8220;1&#8243;][vc_tta_section title=&#8220;Wir w\u00fcnschen uns 2 Sommerlinden&#8220; tab_id=&#8220;1618225956423-207348f2-398h7ec3-4bf3f7f1-e603&#8243;][vc_row_inner][vc_column_inner width=&#8220;1\/4&#8243;][vc_single_image image=&#8220;7775&#8243; img_size=&#8220;full&#8220; onclick=&#8220;zoom&#8220; css=&#8220;&#8220;][vc_single_image image=&#8220;7776&#8243; img_size=&#8220;full&#8220; onclick=&#8220;zoom&#8220; css=&#8220;&#8220;][\/vc_column_inner][vc_column_inner width=&#8220;1\/4&#8243;][vc_single_image image=&#8220;7777&#8243; img_size=&#8220;full&#8220; onclick=&#8220;zoom&#8220; css=&#8220;&#8220;][\/vc_column_inner][vc_column_inner width=&#8220;2\/4&#8243;][vc_column_text css=&#8220;.vc_custom_1723834949469{margin-right: 50px !important;}&#8220;]<\/p>\n<h4>Sommerlinde<\/h4>\n<p>Sommerlinden (Tilia platyphyllos) sind wegen ihrer Anpassungsf\u00e4higkeit an unterschiedliche B\u00f6den und Klimabedingungen ideal f\u00fcr Niedersachsen. Sie bieten durch ihre \u00fcppigen Kronen hervorragenden Schatten, was in den warmen Sommermonaten besonders gesch\u00e4tzt wird. Zudem tragen Sommerlinden zur Erhaltung der Artenvielfalt bei, da ihre Bl\u00fcten eine wichtige Nahrungsquelle f\u00fcr Bienen und andere Insekten sind. Ihre Robustheit gegen\u00fcber Umweltbelastungen und ihre Pflegeleichtigkeit machen sie zu einer beliebten Wahl f\u00fcr die Begr\u00fcnung in urbanen und l\u00e4ndlichen Gebieten Niedersachsens.[\/vc_column_text][\/vc_column_inner][\/vc_row_inner][\/vc_tta_section][\/vc_tta_accordion][vc_tta_accordion gap=&#8220;10&#8243; c_icon=&#8220;chevron&#8220; active_section=&#8220;1&#8243;][vc_tta_section title=&#8220;Und auch zwei Ahornb\u00e4ume h\u00e4tten wir gerne&#8220; tab_id=&#8220;1723836233517-d4242245-7b36f7f1-e603&#8243;][vc_row_inner][vc_column_inner width=&#8220;1\/4&#8243;][vc_single_image image=&#8220;7766&#8243; img_size=&#8220;full&#8220; onclick=&#8220;zoom&#8220; css=&#8220;&#8220;][vc_single_image image=&#8220;7763&#8243; img_size=&#8220;full&#8220; onclick=&#8220;zoom&#8220; css=&#8220;&#8220;][vc_single_image image=&#8220;7764&#8243; img_size=&#8220;full&#8220; onclick=&#8220;zoom&#8220; css=&#8220;&#8220;][\/vc_column_inner][vc_column_inner width=&#8220;1\/4&#8243;][vc_single_image image=&#8220;7762&#8243; img_size=&#8220;full&#8220; onclick=&#8220;zoom&#8220; css=&#8220;&#8220;][vc_single_image image=&#8220;7767&#8243; img_size=&#8220;full&#8220; onclick=&#8220;zoom&#8220; css=&#8220;&#8220;][\/vc_column_inner][vc_column_inner width=&#8220;2\/4&#8243;][vc_column_text css=&#8220;.vc_custom_1723834051987{margin-right: 50px !important;}&#8220;]<\/p>\n<h4>Ahorn<\/h4>\n<p>Ahornb\u00e4ume (Acer) sind wegen ihrer Widerstandsf\u00e4higkeit und schnellen Wachstumsrate besonders gut f\u00fcr das nieders\u00e4chsische Klima geeignet. Ihre leuchtenden Herbstfarben, die von Goldgelb bis tiefrot reichen, tragen zur Sch\u00f6nheit der Landschaft bei und bieten einen saisonalen Farbwechsel, der die Region bereichert. Ahornb\u00e4ume sind zudem anpassungsf\u00e4hig an verschiedene Bodenarten und k\u00f6nnen sowohl in st\u00e4dtischen als auch in l\u00e4ndlichen Gebieten gut gedeihen. Durch ihre robuste Natur und ihre F\u00e4higkeit, Schadstoffe aus der Luft zu filtern, tragen sie zur Verbesserung der Luftqualit\u00e4t und zur F\u00f6rderung der Biodiversit\u00e4t in Niedersachsen bei.[\/vc_column_text][vc_separator css=&#8220;&#8220;][\/vc_column_inner][\/vc_row_inner][\/vc_tta_section][\/vc_tta_accordion][vc_tta_accordion gap=&#8220;10&#8243; c_icon=&#8220;chevron&#8220; active_section=&#8220;1&#8243;][vc_tta_section title=&#8220;Die Weidenbl\u00e4ttrige Birne gef\u00e4llt uns auch gut&#8220; tab_id=&#8220;1723836288345-b0e0ed01-de9af7f1-e603&#8243;][vc_row_inner][vc_column_inner width=&#8220;1\/4&#8243;][vc_single_image image=&#8220;7782&#8243; img_size=&#8220;full&#8220; onclick=&#8220;zoom&#8220; css=&#8220;&#8220;][\/vc_column_inner][vc_column_inner width=&#8220;1\/4&#8243;][vc_single_image image=&#8220;7783&#8243; img_size=&#8220;full&#8220; onclick=&#8220;zoom&#8220; css=&#8220;&#8220;][\/vc_column_inner][vc_column_inner width=&#8220;2\/4&#8243;][vc_column_text css=&#8220;.vc_custom_1723834970482{margin-right: 50px !important;}&#8220;]<\/p>\n<h4>Weidenbl\u00e4ttrige Birne<\/h4>\n<p>Die weidenbl\u00e4ttrige Birne (Pyrus salicifolia) ist aufgrund ihrer Trockenheitsresistenz und Anspruchslosigkeit besonders gut f\u00fcr das nieders\u00e4chsische Klima geeignet. Mit ihren silbrig-grauen Bl\u00e4ttern und der eleganten, schmalen Krone bringt sie eine \u00e4sthetische Vielfalt in G\u00e4rten und Parkanlagen. Ihre duftenden wei\u00dfen Bl\u00fcten im Fr\u00fchjahr ziehen Bienen und andere Best\u00e4uber an, was zur F\u00f6rderung der Biodiversit\u00e4t beitr\u00e4gt. Zudem ist die weidenbl\u00e4ttrige Birne pflegeleicht und robust gegen\u00fcber Krankheiten, was sie zu einer idealen Wahl f\u00fcr die Begr\u00fcnung von urbanen und l\u00e4ndlichen Gebieten in Niedersachsen macht.[\/vc_column_text][vc_separator css=&#8220;&#8220;][\/vc_column_inner][\/vc_row_inner][\/vc_tta_section][\/vc_tta_accordion][vc_tta_accordion gap=&#8220;10&#8243; c_icon=&#8220;chevron&#8220; active_section=&#8220;1&#8243;][vc_tta_section title=&#8220;Kennst Du Amber?&#8220; tab_id=&#8220;1723836371566-ae2ea2bb-5ff5f7f1-e603&#8243;][vc_row_inner][vc_column_inner width=&#8220;1\/4&#8243;][vc_single_image image=&#8220;7769&#8243; img_size=&#8220;full&#8220; onclick=&#8220;zoom&#8220; css=&#8220;&#8220;][vc_single_image image=&#8220;7768&#8243; img_size=&#8220;full&#8220; onclick=&#8220;zoom&#8220; css=&#8220;&#8220;][\/vc_column_inner][vc_column_inner width=&#8220;1\/4&#8243;][vc_single_image image=&#8220;7770&#8243; img_size=&#8220;full&#8220; onclick=&#8220;zoom&#8220; css=&#8220;&#8220;][\/vc_column_inner][vc_column_inner width=&#8220;2\/4&#8243;][vc_column_text css=&#8220;.vc_custom_1723834990785{margin-right: 50px !important;}&#8220;]<\/p>\n<h4>Amber<\/h4>\n<p>Der Amberbaum (Liquidambar styraciflua) zeichnet sich durch seine spektakul\u00e4re Herbstf\u00e4rbung aus, die von tiefem Rot bis leuchtendem Orange reicht und die nieders\u00e4chsische Landschaft in ein farbenfrohes Spektakel verwandelt. Er ist \u00e4u\u00dferst anpassungsf\u00e4hig und gedeiht gut in den unterschiedlichen B\u00f6den und klimatischen Bedingungen Niedersachsens. Seine dichte Krone bietet nicht nur Schatten, sondern auch Schutz f\u00fcr zahlreiche Vogelarten, was zur F\u00f6rderung der lokalen Biodiversit\u00e4t beitr\u00e4gt. Der Amberbaum ist zudem widerstandsf\u00e4hig gegen\u00fcber st\u00e4dtischen Umweltbelastungen, was ihn zu einer beliebten Wahl f\u00fcr Parks und Alleen in der Region macht.[\/vc_column_text][\/vc_column_inner][\/vc_row_inner][\/vc_tta_section][\/vc_tta_accordion][vc_tta_accordion gap=&#8220;10&#8243; c_icon=&#8220;chevron&#8220; active_section=&#8220;1&#8243;][vc_tta_section title=&#8220;Auch Z\u00fcrgelb\u00e4ume w\u00fcrden unserem Park gut stehen&#8220; tab_id=&#8220;1723836390637-18bd8519-70d1f7f1-e603&#8243;][vc_row_inner][vc_column_inner width=&#8220;1\/4&#8243;][vc_single_image image=&#8220;7812&#8243; img_size=&#8220;full&#8220; onclick=&#8220;zoom&#8220; css=&#8220;&#8220;][vc_single_image image=&#8220;7814&#8243; img_size=&#8220;full&#8220; onclick=&#8220;zoom&#8220; css=&#8220;&#8220;][\/vc_column_inner][vc_column_inner width=&#8220;1\/4&#8243;][vc_single_image image=&#8220;7813&#8243; img_size=&#8220;full&#8220; onclick=&#8220;zoom&#8220; css=&#8220;&#8220;][\/vc_column_inner][vc_column_inner width=&#8220;2\/4&#8243;][vc_column_text css=&#8220;.vc_custom_1723835096945{margin-right: 50px !important;}&#8220;]<\/p>\n<h4>Z\u00fcrgelbaum<\/h4>\n<p>Der Z\u00fcrgelbaum (Celtis australis) ist aufgrund seiner hohen Widerstandsf\u00e4higkeit gegen\u00fcber Trockenheit und seiner Anpassungsf\u00e4higkeit an verschiedene Bodenarten ideal f\u00fcr das nieders\u00e4chsische Klima. Mit seiner dichten Krone bietet er angenehmen Schatten und tr\u00e4gt zur Verbesserung des Mikroklimas in urbanen und l\u00e4ndlichen Gebieten bei. Seine kleinen, unscheinbaren Fr\u00fcchte sind eine wichtige Nahrungsquelle f\u00fcr V\u00f6gel, was zur F\u00f6rderung der Biodiversit\u00e4t beitr\u00e4gt. Zudem zeichnet sich der Z\u00fcrgelbaum durch seine Robustheit und Langlebigkeit aus, wodurch er eine nachhaltige Wahl f\u00fcr die Begr\u00fcnung \u00f6ffentlicher und privater Fl\u00e4chen in Niedersachsen ist.[\/vc_column_text][\/vc_column_inner][\/vc_row_inner][\/vc_tta_section][\/vc_tta_accordion][vc_tta_accordion gap=&#8220;10&#8243; c_icon=&#8220;chevron&#8220; active_section=&#8220;1&#8243;][vc_tta_section title=&#8220;Kastanien gehen inzwischen auch wieder&#8220; tab_id=&#8220;1723836458060-716b3fdb-9e8cf7f1-e603&#8243;][vc_row_inner][vc_column_inner width=&#8220;1\/4&#8243;][vc_single_image image=&#8220;7772&#8243; img_size=&#8220;full&#8220; onclick=&#8220;zoom&#8220; css=&#8220;&#8220;][\/vc_column_inner][vc_column_inner width=&#8220;1\/4&#8243;][vc_single_image image=&#8220;7774&#8243; img_size=&#8220;full&#8220; onclick=&#8220;zoom&#8220; css=&#8220;&#8220;][vc_single_image image=&#8220;7771&#8243; img_size=&#8220;full&#8220; onclick=&#8220;zoom&#8220; css=&#8220;&#8220;][\/vc_column_inner][vc_column_inner width=&#8220;2\/4&#8243;][vc_column_text css=&#8220;.vc_custom_1723835591316{margin-right: 50px !important;}&#8220;]<\/p>\n<h4>Kastanienbaum<\/h4>\n<p>Die Kastanie (Aesculus hippocastanum) erlebt in Niedersachsen eine Renaissance, da neue resistente Sorten gez\u00fcchtet wurden, die widerstandsf\u00e4higer gegen die Miniermotte und Pilzkrankheiten sind. Diese widerstandsf\u00e4higen Sorten erm\u00f6glichen es, die Kastanie wieder verst\u00e4rkt in Parks und Alleen zu pflanzen, wo sie mit ihren beeindruckenden Bl\u00fctenkerzen im Fr\u00fchjahr eine wahre Augenweide ist. Ihr dichtes Laubwerk bietet im Sommer wertvollen Schatten, was sie besonders in urbanen Gebieten attraktiv macht. Zudem f\u00f6rdert die Kastanie die Biodiversit\u00e4t, da ihre Bl\u00fcten und Fr\u00fcchte eine wichtige Nahrungsquelle f\u00fcr Insekten und V\u00f6gel darstellen.[\/vc_column_text][\/vc_column_inner][\/vc_row_inner][\/vc_tta_section][\/vc_tta_accordion][vc_tta_accordion gap=&#8220;10&#8243; c_icon=&#8220;chevron&#8220; active_section=&#8220;1&#8243;][vc_tta_section title=&#8220;Waln\u00fcsse sind einfach nur toll!&#8220; tab_id=&#8220;1723836412663-da255a5a-e890f7f1-e603&#8243;][vc_row_inner][vc_column_inner width=&#8220;1\/4&#8243;][vc_single_image image=&#8220;7778&#8243; img_size=&#8220;full&#8220; onclick=&#8220;zoom&#8220; css=&#8220;&#8220;][vc_single_image image=&#8220;7781&#8243; img_size=&#8220;full&#8220; onclick=&#8220;zoom&#8220; css=&#8220;&#8220;][\/vc_column_inner][vc_column_inner width=&#8220;1\/4&#8243;][vc_single_image image=&#8220;7779&#8243; img_size=&#8220;full&#8220; onclick=&#8220;zoom&#8220; css=&#8220;&#8220;][vc_single_image image=&#8220;7780&#8243; img_size=&#8220;full&#8220; onclick=&#8220;zoom&#8220; css=&#8220;&#8220;][\/vc_column_inner][vc_column_inner width=&#8220;2\/4&#8243;][vc_column_text css=&#8220;.vc_custom_1723835848680{margin-right: 50px !important;}&#8220;]<\/p>\n<h4>Walnussbaum<\/h4>\n<p>Die Walnuss (Juglans regia) passt perfekt nach Niedersachsen, wo sie mit ihrer robusten Natur und Widerstandsf\u00e4higkeit gut gedeiht und das Landschaftsbild bereichert. Ihre tiefen Wurzeln helfen, den Boden zu stabilisieren, und ihre breiten Kronen bieten zahlreichen Vogelarten Schutz und Nahrung. In l\u00e4ndlichen und st\u00e4dtischen G\u00e4rten bringt sie nicht nur wertvolle N\u00fcsse hervor, sondern auch eine zeitlose Sch\u00f6nheit, die das ganze Jahr \u00fcber Freude bereitet. Zudem tr\u00e4gt die Walnuss durch ihre F\u00e4higkeit, CO2 zu binden, aktiv zum Klimaschutz bei und f\u00f6rdert so eine nachhaltige Umwelt in Niedersachsen.[\/vc_column_text][\/vc_column_inner][\/vc_row_inner][\/vc_tta_section][\/vc_tta_accordion][\/vc_column][\/vc_row]<\/p>\n<\/div>","protected":false},"excerpt":{"rendered":"<p>[vc_row full_width=&#8220;stretch_row_content&#8220; no_bottom_margin=&#8220;yes&#8220; css=&#8220;.vc_custom_1615382389516{margin-top: 0px !important;margin-bottom: 0px !important;padding-top: 0px !important;padding-bottom: 0px !important;background-color: #ffffff !important;}&#8220;][vc_column 0=&#8220;&#8220; css=&#8220;.vc_custom_1615382208403{margin-top: 0px !important;margin-bottom: 0px !important;padding-top: 0px !important;}&#8220;][vc_separator color=&#8220;black&#8220; css=&#8220;.vc_custom_1615383326776{margin-top: 0px !important;padding-top: 0px !important;}&#8220;][\/vc_column][\/vc_row][vc_row][vc_column css=&#8220;.vc_custom_1615832499145{padding-top: 0px !important;padding-bottom: 0px !important;}&#8220;][vc_column_text css=&#8220;.vc_custom_1723832518023{margin-bottom: 20px !important;}&#8220;] B\u00e4ume [\/vc_column_text][vc_column_text css=&#8220;&#8220;] Warum wir von B\u00e4umen tr\u00e4umen [\/vc_column_text][\/vc_column][\/vc_row][vc_row css=&#8220;.vc_custom_1615387322138{margin-top: 30px !important;}&#8220;][vc_column width=&#8220;1\/2&#8243;][vc_single_image image=&#8220;7792&#8243; img_size=&#8220;full&#8220; onclick=&#8220;zoom&#8220; css=&#8220;&#8220;][vc_column_text css=&#8220;&#8220;]Der Gutspark&hellip;<\/p>\n","protected":false},"author":1,"featured_media":7881,"comment_status":"closed","ping_status":"closed","template":"","meta":{"_acf_changed":false,"footnotes":""},"portfolio_category":[104],"portfolio_tag":[],"class_list":["post-7864","portfolio","type-portfolio","status-publish","has-post-thumbnail","hentry","portfolio_category-aktuell"],"acf":[],"yoast_head":"<!-- This site is optimized with the Yoast SEO plugin v27.5 - https:\/\/yoast.com\/product\/yoast-seo-wordpress\/ -->\n<title>B\u00e4ume - KulturGut Poggenhagen<\/title>\n<meta name=\"description\" content=\"Warum wir von B\u00e4umen tr\u00e4umen\" \/>\n<meta name=\"robots\" content=\"index, follow, max-snippet:-1, max-image-preview:large, max-video-preview:-1\" \/>\n<link rel=\"canonical\" href=\"https:\/\/www.kulturgut-poggenhagen.de\/kulturgut\/wordpress\/portfolio\/baumsparkasse\/\" \/>\n<meta property=\"og:locale\" content=\"de_DE\" \/>\n<meta property=\"og:type\" content=\"article\" \/>\n<meta property=\"og:title\" content=\"B\u00e4ume - KulturGut Poggenhagen\" \/>\n<meta property=\"og:description\" content=\"Warum wir von B\u00e4umen tr\u00e4umen\" \/>\n<meta property=\"og:url\" content=\"https:\/\/www.kulturgut-poggenhagen.de\/kulturgut\/wordpress\/portfolio\/baumsparkasse\/\" \/>\n<meta property=\"og:site_name\" content=\"KulturGut Poggenhagen\" \/>\n<meta property=\"og:image\" content=\"https:\/\/www.kulturgut-poggenhagen.de\/kulturgut\/wordpress\/wp-content\/uploads\/2024\/08\/baeume.jpg\" \/>\n\t<meta property=\"og:image:width\" content=\"943\" \/>\n\t<meta property=\"og:image:height\" content=\"1000\" \/>\n\t<meta property=\"og:image:type\" content=\"image\/jpeg\" \/>\n<meta name=\"twitter:card\" content=\"summary_large_image\" \/>\n<meta name=\"twitter:label1\" content=\"Gesch\u00e4tzte Lesezeit\" \/>\n\t<meta name=\"twitter:data1\" content=\"7\u00a0Minuten\" \/>\n<script type=\"application\/ld+json\" class=\"yoast-schema-graph\">{\"@context\":\"https:\\\/\\\/schema.org\",\"@graph\":[{\"@type\":\"WebPage\",\"@id\":\"https:\\\/\\\/www.kulturgut-poggenhagen.de\\\/kulturgut\\\/wordpress\\\/portfolio\\\/baumsparkasse\\\/\",\"url\":\"https:\\\/\\\/www.kulturgut-poggenhagen.de\\\/kulturgut\\\/wordpress\\\/portfolio\\\/baumsparkasse\\\/\",\"name\":\"B\u00e4ume - KulturGut Poggenhagen\",\"isPartOf\":{\"@id\":\"https:\\\/\\\/www.kulturgut-poggenhagen.de\\\/kulturgut\\\/wordpress\\\/#website\"},\"primaryImageOfPage\":{\"@id\":\"https:\\\/\\\/www.kulturgut-poggenhagen.de\\\/kulturgut\\\/wordpress\\\/portfolio\\\/baumsparkasse\\\/#primaryimage\"},\"image\":{\"@id\":\"https:\\\/\\\/www.kulturgut-poggenhagen.de\\\/kulturgut\\\/wordpress\\\/portfolio\\\/baumsparkasse\\\/#primaryimage\"},\"thumbnailUrl\":\"https:\\\/\\\/www.kulturgut-poggenhagen.de\\\/kulturgut\\\/wordpress\\\/wp-content\\\/uploads\\\/2024\\\/08\\\/baeume.jpg\",\"datePublished\":\"2024-08-23T08:40:00+00:00\",\"dateModified\":\"2024-09-09T06:24:28+00:00\",\"description\":\"Warum wir von B\u00e4umen tr\u00e4umen\",\"breadcrumb\":{\"@id\":\"https:\\\/\\\/www.kulturgut-poggenhagen.de\\\/kulturgut\\\/wordpress\\\/portfolio\\\/baumsparkasse\\\/#breadcrumb\"},\"inLanguage\":\"de\",\"potentialAction\":[{\"@type\":\"ReadAction\",\"target\":[\"https:\\\/\\\/www.kulturgut-poggenhagen.de\\\/kulturgut\\\/wordpress\\\/portfolio\\\/baumsparkasse\\\/\"]}]},{\"@type\":\"ImageObject\",\"inLanguage\":\"de\",\"@id\":\"https:\\\/\\\/www.kulturgut-poggenhagen.de\\\/kulturgut\\\/wordpress\\\/portfolio\\\/baumsparkasse\\\/#primaryimage\",\"url\":\"https:\\\/\\\/www.kulturgut-poggenhagen.de\\\/kulturgut\\\/wordpress\\\/wp-content\\\/uploads\\\/2024\\\/08\\\/baeume.jpg\",\"contentUrl\":\"https:\\\/\\\/www.kulturgut-poggenhagen.de\\\/kulturgut\\\/wordpress\\\/wp-content\\\/uploads\\\/2024\\\/08\\\/baeume.jpg\",\"width\":943,\"height\":1000},{\"@type\":\"BreadcrumbList\",\"@id\":\"https:\\\/\\\/www.kulturgut-poggenhagen.de\\\/kulturgut\\\/wordpress\\\/portfolio\\\/baumsparkasse\\\/#breadcrumb\",\"itemListElement\":[{\"@type\":\"ListItem\",\"position\":1,\"name\":\"Startseite\",\"item\":\"https:\\\/\\\/www.kulturgut-poggenhagen.de\\\/kulturgut\\\/wordpress\\\/\"},{\"@type\":\"ListItem\",\"position\":2,\"name\":\"Projekte\",\"item\":\"https:\\\/\\\/www.kulturgut-poggenhagen.de\\\/kulturgut\\\/wordpress\\\/portfolio\\\/\"},{\"@type\":\"ListItem\",\"position\":3,\"name\":\"B\u00e4ume\"}]},{\"@type\":\"WebSite\",\"@id\":\"https:\\\/\\\/www.kulturgut-poggenhagen.de\\\/kulturgut\\\/wordpress\\\/#website\",\"url\":\"https:\\\/\\\/www.kulturgut-poggenhagen.de\\\/kulturgut\\\/wordpress\\\/\",\"name\":\"KulturGut Poggenhagen\",\"description\":\"Verein f\u00fcr Kunst und Kultur\",\"publisher\":{\"@id\":\"https:\\\/\\\/www.kulturgut-poggenhagen.de\\\/kulturgut\\\/wordpress\\\/#organization\"},\"potentialAction\":[{\"@type\":\"SearchAction\",\"target\":{\"@type\":\"EntryPoint\",\"urlTemplate\":\"https:\\\/\\\/www.kulturgut-poggenhagen.de\\\/kulturgut\\\/wordpress\\\/?s={search_term_string}\"},\"query-input\":{\"@type\":\"PropertyValueSpecification\",\"valueRequired\":true,\"valueName\":\"search_term_string\"}}],\"inLanguage\":\"de\"},{\"@type\":\"Organization\",\"@id\":\"https:\\\/\\\/www.kulturgut-poggenhagen.de\\\/kulturgut\\\/wordpress\\\/#organization\",\"name\":\"KulturGut Poggenhagen e.V.\",\"url\":\"https:\\\/\\\/www.kulturgut-poggenhagen.de\\\/kulturgut\\\/wordpress\\\/\",\"logo\":{\"@type\":\"ImageObject\",\"inLanguage\":\"de\",\"@id\":\"https:\\\/\\\/www.kulturgut-poggenhagen.de\\\/kulturgut\\\/wordpress\\\/#\\\/schema\\\/logo\\\/image\\\/\",\"url\":\"https:\\\/\\\/www.kulturgut-poggenhagen.de\\\/kulturgut\\\/wordpress\\\/wp-content\\\/uploads\\\/2021\\\/03\\\/logo-kulturgut-pink-hoch.png\",\"contentUrl\":\"https:\\\/\\\/www.kulturgut-poggenhagen.de\\\/kulturgut\\\/wordpress\\\/wp-content\\\/uploads\\\/2021\\\/03\\\/logo-kulturgut-pink-hoch.png\",\"width\":535,\"height\":295,\"caption\":\"KulturGut Poggenhagen e.V.\"},\"image\":{\"@id\":\"https:\\\/\\\/www.kulturgut-poggenhagen.de\\\/kulturgut\\\/wordpress\\\/#\\\/schema\\\/logo\\\/image\\\/\"}}]}<\/script>\n<!-- \/ Yoast SEO plugin. -->","yoast_head_json":{"title":"B\u00e4ume - KulturGut Poggenhagen","description":"Warum wir von B\u00e4umen tr\u00e4umen","robots":{"index":"index","follow":"follow","max-snippet":"max-snippet:-1","max-image-preview":"max-image-preview:large","max-video-preview":"max-video-preview:-1"},"canonical":"https:\/\/www.kulturgut-poggenhagen.de\/kulturgut\/wordpress\/portfolio\/baumsparkasse\/","og_locale":"de_DE","og_type":"article","og_title":"B\u00e4ume - KulturGut Poggenhagen","og_description":"Warum wir von B\u00e4umen tr\u00e4umen","og_url":"https:\/\/www.kulturgut-poggenhagen.de\/kulturgut\/wordpress\/portfolio\/baumsparkasse\/","og_site_name":"KulturGut Poggenhagen","og_image":[{"width":943,"height":1000,"url":"https:\/\/www.kulturgut-poggenhagen.de\/kulturgut\/wordpress\/wp-content\/uploads\/2024\/08\/baeume.jpg","type":"image\/jpeg"}],"twitter_card":"summary_large_image","twitter_misc":{"Gesch\u00e4tzte Lesezeit":"7\u00a0Minuten"},"schema":{"@context":"https:\/\/schema.org","@graph":[{"@type":"WebPage","@id":"https:\/\/www.kulturgut-poggenhagen.de\/kulturgut\/wordpress\/portfolio\/baumsparkasse\/","url":"https:\/\/www.kulturgut-poggenhagen.de\/kulturgut\/wordpress\/portfolio\/baumsparkasse\/","name":"B\u00e4ume - KulturGut Poggenhagen","isPartOf":{"@id":"https:\/\/www.kulturgut-poggenhagen.de\/kulturgut\/wordpress\/#website"},"primaryImageOfPage":{"@id":"https:\/\/www.kulturgut-poggenhagen.de\/kulturgut\/wordpress\/portfolio\/baumsparkasse\/#primaryimage"},"image":{"@id":"https:\/\/www.kulturgut-poggenhagen.de\/kulturgut\/wordpress\/portfolio\/baumsparkasse\/#primaryimage"},"thumbnailUrl":"https:\/\/www.kulturgut-poggenhagen.de\/kulturgut\/wordpress\/wp-content\/uploads\/2024\/08\/baeume.jpg","datePublished":"2024-08-23T08:40:00+00:00","dateModified":"2024-09-09T06:24:28+00:00","description":"Warum wir von B\u00e4umen tr\u00e4umen","breadcrumb":{"@id":"https:\/\/www.kulturgut-poggenhagen.de\/kulturgut\/wordpress\/portfolio\/baumsparkasse\/#breadcrumb"},"inLanguage":"de","potentialAction":[{"@type":"ReadAction","target":["https:\/\/www.kulturgut-poggenhagen.de\/kulturgut\/wordpress\/portfolio\/baumsparkasse\/"]}]},{"@type":"ImageObject","inLanguage":"de","@id":"https:\/\/www.kulturgut-poggenhagen.de\/kulturgut\/wordpress\/portfolio\/baumsparkasse\/#primaryimage","url":"https:\/\/www.kulturgut-poggenhagen.de\/kulturgut\/wordpress\/wp-content\/uploads\/2024\/08\/baeume.jpg","contentUrl":"https:\/\/www.kulturgut-poggenhagen.de\/kulturgut\/wordpress\/wp-content\/uploads\/2024\/08\/baeume.jpg","width":943,"height":1000},{"@type":"BreadcrumbList","@id":"https:\/\/www.kulturgut-poggenhagen.de\/kulturgut\/wordpress\/portfolio\/baumsparkasse\/#breadcrumb","itemListElement":[{"@type":"ListItem","position":1,"name":"Startseite","item":"https:\/\/www.kulturgut-poggenhagen.de\/kulturgut\/wordpress\/"},{"@type":"ListItem","position":2,"name":"Projekte","item":"https:\/\/www.kulturgut-poggenhagen.de\/kulturgut\/wordpress\/portfolio\/"},{"@type":"ListItem","position":3,"name":"B\u00e4ume"}]},{"@type":"WebSite","@id":"https:\/\/www.kulturgut-poggenhagen.de\/kulturgut\/wordpress\/#website","url":"https:\/\/www.kulturgut-poggenhagen.de\/kulturgut\/wordpress\/","name":"KulturGut Poggenhagen","description":"Verein f\u00fcr Kunst und Kultur","publisher":{"@id":"https:\/\/www.kulturgut-poggenhagen.de\/kulturgut\/wordpress\/#organization"},"potentialAction":[{"@type":"SearchAction","target":{"@type":"EntryPoint","urlTemplate":"https:\/\/www.kulturgut-poggenhagen.de\/kulturgut\/wordpress\/?s={search_term_string}"},"query-input":{"@type":"PropertyValueSpecification","valueRequired":true,"valueName":"search_term_string"}}],"inLanguage":"de"},{"@type":"Organization","@id":"https:\/\/www.kulturgut-poggenhagen.de\/kulturgut\/wordpress\/#organization","name":"KulturGut Poggenhagen e.V.","url":"https:\/\/www.kulturgut-poggenhagen.de\/kulturgut\/wordpress\/","logo":{"@type":"ImageObject","inLanguage":"de","@id":"https:\/\/www.kulturgut-poggenhagen.de\/kulturgut\/wordpress\/#\/schema\/logo\/image\/","url":"https:\/\/www.kulturgut-poggenhagen.de\/kulturgut\/wordpress\/wp-content\/uploads\/2021\/03\/logo-kulturgut-pink-hoch.png","contentUrl":"https:\/\/www.kulturgut-poggenhagen.de\/kulturgut\/wordpress\/wp-content\/uploads\/2021\/03\/logo-kulturgut-pink-hoch.png","width":535,"height":295,"caption":"KulturGut Poggenhagen e.V."},"image":{"@id":"https:\/\/www.kulturgut-poggenhagen.de\/kulturgut\/wordpress\/#\/schema\/logo\/image\/"}}]}},"_links":{"self":[{"href":"https:\/\/www.kulturgut-poggenhagen.de\/kulturgut\/wordpress\/wp-json\/wp\/v2\/portfolio\/7864","targetHints":{"allow":["GET"]}}],"collection":[{"href":"https:\/\/www.kulturgut-poggenhagen.de\/kulturgut\/wordpress\/wp-json\/wp\/v2\/portfolio"}],"about":[{"href":"https:\/\/www.kulturgut-poggenhagen.de\/kulturgut\/wordpress\/wp-json\/wp\/v2\/types\/portfolio"}],"author":[{"embeddable":true,"href":"https:\/\/www.kulturgut-poggenhagen.de\/kulturgut\/wordpress\/wp-json\/wp\/v2\/users\/1"}],"replies":[{"embeddable":true,"href":"https:\/\/www.kulturgut-poggenhagen.de\/kulturgut\/wordpress\/wp-json\/wp\/v2\/comments?post=7864"}],"version-history":[{"count":4,"href":"https:\/\/www.kulturgut-poggenhagen.de\/kulturgut\/wordpress\/wp-json\/wp\/v2\/portfolio\/7864\/revisions"}],"predecessor-version":[{"id":7868,"href":"https:\/\/www.kulturgut-poggenhagen.de\/kulturgut\/wordpress\/wp-json\/wp\/v2\/portfolio\/7864\/revisions\/7868"}],"wp:featuredmedia":[{"embeddable":true,"href":"https:\/\/www.kulturgut-poggenhagen.de\/kulturgut\/wordpress\/wp-json\/wp\/v2\/media\/7881"}],"wp:attachment":[{"href":"https:\/\/www.kulturgut-poggenhagen.de\/kulturgut\/wordpress\/wp-json\/wp\/v2\/media?parent=7864"}],"wp:term":[{"taxonomy":"portfolio_category","embeddable":true,"href":"https:\/\/www.kulturgut-poggenhagen.de\/kulturgut\/wordpress\/wp-json\/wp\/v2\/portfolio_category?post=7864"},{"taxonomy":"portfolio_tag","embeddable":true,"href":"https:\/\/www.kulturgut-poggenhagen.de\/kulturgut\/wordpress\/wp-json\/wp\/v2\/portfolio_tag?post=7864"}],"curies":[{"name":"wp","href":"https:\/\/api.w.org\/{rel}","templated":true}]}}