{"id":6087,"date":"2022-07-25T15:53:13","date_gmt":"2022-07-25T13:53:13","guid":{"rendered":"https:\/\/www.kulturgut-poggenhagen.de\/kulturgut\/wordpress\/?post_type=portfolio&#038;p=6087"},"modified":"2024-05-14T10:59:44","modified_gmt":"2024-05-14T08:59:44","slug":"birgit-hampel","status":"publish","type":"portfolio","link":"https:\/\/www.kulturgut-poggenhagen.de\/kulturgut\/wordpress\/portfolio\/birgit-hampel\/","title":{"rendered":"Birgit Hampel"},"content":{"rendered":"<div class=\"wpb-content-wrapper\"><p>[vc_row][vc_column][vc_column_text]<\/p>\n<h5>Fotografie<\/h5>\n<p>Die Berliner K\u00fcnstlerin Birgit Hampel f\u00e4ngt mit ihren unscheinbaren Dosenkameras nicht weniger als die Essenz eines Ortes ein.<\/p>\n<p>Mit selbst hergestellten Lochkameras in verschiedenen Formaten und Belichtungszeiten von wenigen Tagen bis zu \u00fcber einem Jahr f\u00e4ngt sie Zeit und Raum ein \u2013 Zust\u00e4nde, die mit unserem Zeitempfinden und blo\u00dfem Auge nicht wahrnehmbar sind.[\/vc_column_text][vc_tta_accordion title_tag=&#8220;h4&#8243; section_title_tag=&#8220;h5&#8243; shape=&#8220;square&#8220; color=&#8220;white&#8220; active_section=&#8220;55&#8243; no_fill=&#8220;true&#8220; collapsible_all=&#8220;true&#8220;][vc_tta_section title=&#8220;Mehr lesen&#8220; tab_id=&#8220;1660470315711-870b0786-2666&#8243;][vc_column_text]Im Inneren der Camera Obscura wirken die Gesetze der Physik. Die K\u00fcnstlerin nimmt sich zur\u00fcck und l\u00e4sst sich ein auf den verborgenen Prozess, dessen Ergebnis sie mit gespannter Demut \u00fcber Monate hinweg erwartet. In den extremen Langzeitbelichtungen verdichtet sich indessen die flie\u00dfende Wirklichkeit zu einem Konzentrat der vergehenden Zeit, festgehalten in Bildern, die manchmal unwirklich klar, manchmal mystisch verschwommen und manchmal irritierend alterslos wirken.<\/p>\n<p>Ein klassisches Foto friert einen Moment ein und h\u00e4lt ihn f\u00fcr immer fest. Die Bilder von Birgit Hampel sind anders. Sie verbinden eine gigantische Anzahl von Momenten und machen auf diese Weise sichtbar, was sich uns so in der Fl\u00fcchtigkeit des Augenblicks nicht zeigt. Jahreszeiten vermischen sich, der Lauf der Sonne malt \u00fcber Wochen und Monate konzentrische Kreise in den Himmel, Fl\u00fcchtiges verschwindet und gibt uns zu denken, Wiederholungen gewinnen an Bedeutung, was best\u00e4ndig ist, erscheint in surrealer Sch\u00e4rfe.<\/p>\n<p>Und auch der Zufall gestaltet mit: Unvorhersehbare R\u00fcckkopplungen aus Witterungseinfl\u00fcssen, Papierart, Staub oder Belichtungszeit verbinden sich mit der unbestechlichen Wahrheit der Dinge zu einem mitunter verst\u00f6renden Echo der Realit\u00e4t.<\/p>\n<p>Zu dem, was bleibt, wenn der Moment geht.[\/vc_column_text][\/vc_tta_section][\/vc_tta_accordion][\/vc_column][\/vc_row][vc_row][vc_column][vc_column_text]Extra zum Parkbeben durften wir zus\u00e4tzlich eine Installation der K\u00fcnstlerin in Form einer begehbaren Camera Obcura pr\u00e4sentieren, in welcher geduldige Besucher des Festivals direkt im Park miterleben durften, wie nach und nach in der v\u00f6lligen Dunkelheit des Raumes das gedrehte und gespiegelte Bild unseres Herrenhauses an der Wand erschien.[\/vc_column_text][\/vc_column][\/vc_row][vc_row][vc_column][vc_column_text]<a href=\"https:\/\/birgit-hampel.de\" target=\"_blank\" rel=\"noopener\">www.birgit-hampel.de<\/a>[\/vc_column_text][\/vc_column][\/vc_row]<\/p>\n<\/div>","protected":false},"excerpt":{"rendered":"<p>[vc_row][vc_column][vc_column_text] Fotografie Die Berliner K\u00fcnstlerin Birgit Hampel f\u00e4ngt mit ihren unscheinbaren Dosenkameras nicht weniger als die Essenz eines Ortes ein. Mit selbst hergestellten Lochkameras in verschiedenen Formaten und Belichtungszeiten von wenigen Tagen bis zu \u00fcber einem Jahr f\u00e4ngt sie Zeit und Raum ein \u2013 Zust\u00e4nde, die mit unserem Zeitempfinden und blo\u00dfem Auge nicht wahrnehmbar sind.[\/vc_column_text][vc_tta_accordion&hellip;<\/p>\n","protected":false},"author":1,"featured_media":6096,"comment_status":"closed","ping_status":"closed","template":"","meta":{"_acf_changed":false,"footnotes":""},"portfolio_category":[48,46],"portfolio_tag":[],"class_list":["post-6087","portfolio","type-portfolio","status-publish","has-post-thumbnail","hentry","portfolio_category-kultur","portfolio_category-kunst"],"acf":[],"yoast_head":"<!-- This site is optimized with the Yoast SEO plugin v27.5 - https:\/\/yoast.com\/product\/yoast-seo-wordpress\/ -->\n<title>Birgit Hampel - KulturGut Poggenhagen<\/title>\n<meta name=\"description\" content=\"Birgit Hampel f\u00e4ngt mit Lanzeitbelichtungen in Dosenkameras die Essenz eines Ortes ein. Foto-Ausstellung und begehbare Camera Obscura im Park.\" \/>\n<meta name=\"robots\" content=\"index, follow, max-snippet:-1, max-image-preview:large, max-video-preview:-1\" \/>\n<link rel=\"canonical\" href=\"https:\/\/www.kulturgut-poggenhagen.de\/kulturgut\/wordpress\/portfolio\/birgit-hampel\/\" \/>\n<meta property=\"og:locale\" content=\"de_DE\" \/>\n<meta property=\"og:type\" content=\"article\" \/>\n<meta property=\"og:title\" content=\"Birgit Hampel - KulturGut Poggenhagen\" \/>\n<meta property=\"og:description\" content=\"Birgit Hampel f\u00e4ngt mit Lanzeitbelichtungen in Dosenkameras die Essenz eines Ortes ein. Foto-Ausstellung und begehbare Camera Obscura im Park.\" \/>\n<meta property=\"og:url\" content=\"https:\/\/www.kulturgut-poggenhagen.de\/kulturgut\/wordpress\/portfolio\/birgit-hampel\/\" \/>\n<meta property=\"og:site_name\" content=\"KulturGut Poggenhagen\" \/>\n<meta property=\"og:image\" content=\"https:\/\/www.kulturgut-poggenhagen.de\/kulturgut\/wordpress\/wp-content\/uploads\/2022\/07\/birgit-hampel-solargrafie-3.jpg\" \/>\n\t<meta property=\"og:image:width\" content=\"1200\" \/>\n\t<meta property=\"og:image:height\" content=\"854\" \/>\n\t<meta property=\"og:image:type\" content=\"image\/jpeg\" \/>\n<meta name=\"twitter:card\" content=\"summary_large_image\" \/>\n<meta name=\"twitter:label1\" content=\"Gesch\u00e4tzte Lesezeit\" \/>\n\t<meta name=\"twitter:data1\" content=\"2\u00a0Minuten\" \/>\n<script type=\"application\/ld+json\" class=\"yoast-schema-graph\">{\"@context\":\"https:\\\/\\\/schema.org\",\"@graph\":[{\"@type\":\"WebPage\",\"@id\":\"https:\\\/\\\/www.kulturgut-poggenhagen.de\\\/kulturgut\\\/wordpress\\\/portfolio\\\/birgit-hampel\\\/\",\"url\":\"https:\\\/\\\/www.kulturgut-poggenhagen.de\\\/kulturgut\\\/wordpress\\\/portfolio\\\/birgit-hampel\\\/\",\"name\":\"Birgit Hampel - KulturGut Poggenhagen\",\"isPartOf\":{\"@id\":\"https:\\\/\\\/www.kulturgut-poggenhagen.de\\\/kulturgut\\\/wordpress\\\/#website\"},\"primaryImageOfPage\":{\"@id\":\"https:\\\/\\\/www.kulturgut-poggenhagen.de\\\/kulturgut\\\/wordpress\\\/portfolio\\\/birgit-hampel\\\/#primaryimage\"},\"image\":{\"@id\":\"https:\\\/\\\/www.kulturgut-poggenhagen.de\\\/kulturgut\\\/wordpress\\\/portfolio\\\/birgit-hampel\\\/#primaryimage\"},\"thumbnailUrl\":\"https:\\\/\\\/www.kulturgut-poggenhagen.de\\\/kulturgut\\\/wordpress\\\/wp-content\\\/uploads\\\/2022\\\/07\\\/birgit-hampel-solargrafie-3.jpg\",\"datePublished\":\"2022-07-25T13:53:13+00:00\",\"dateModified\":\"2024-05-14T08:59:44+00:00\",\"description\":\"Birgit Hampel f\u00e4ngt mit Lanzeitbelichtungen in Dosenkameras die Essenz eines Ortes ein. Foto-Ausstellung und begehbare Camera Obscura im Park.\",\"breadcrumb\":{\"@id\":\"https:\\\/\\\/www.kulturgut-poggenhagen.de\\\/kulturgut\\\/wordpress\\\/portfolio\\\/birgit-hampel\\\/#breadcrumb\"},\"inLanguage\":\"de\",\"potentialAction\":[{\"@type\":\"ReadAction\",\"target\":[\"https:\\\/\\\/www.kulturgut-poggenhagen.de\\\/kulturgut\\\/wordpress\\\/portfolio\\\/birgit-hampel\\\/\"]}]},{\"@type\":\"ImageObject\",\"inLanguage\":\"de\",\"@id\":\"https:\\\/\\\/www.kulturgut-poggenhagen.de\\\/kulturgut\\\/wordpress\\\/portfolio\\\/birgit-hampel\\\/#primaryimage\",\"url\":\"https:\\\/\\\/www.kulturgut-poggenhagen.de\\\/kulturgut\\\/wordpress\\\/wp-content\\\/uploads\\\/2022\\\/07\\\/birgit-hampel-solargrafie-3.jpg\",\"contentUrl\":\"https:\\\/\\\/www.kulturgut-poggenhagen.de\\\/kulturgut\\\/wordpress\\\/wp-content\\\/uploads\\\/2022\\\/07\\\/birgit-hampel-solargrafie-3.jpg\",\"width\":1200,\"height\":854},{\"@type\":\"BreadcrumbList\",\"@id\":\"https:\\\/\\\/www.kulturgut-poggenhagen.de\\\/kulturgut\\\/wordpress\\\/portfolio\\\/birgit-hampel\\\/#breadcrumb\",\"itemListElement\":[{\"@type\":\"ListItem\",\"position\":1,\"name\":\"Startseite\",\"item\":\"https:\\\/\\\/www.kulturgut-poggenhagen.de\\\/kulturgut\\\/wordpress\\\/\"},{\"@type\":\"ListItem\",\"position\":2,\"name\":\"Projekte\",\"item\":\"https:\\\/\\\/www.kulturgut-poggenhagen.de\\\/kulturgut\\\/wordpress\\\/portfolio\\\/\"},{\"@type\":\"ListItem\",\"position\":3,\"name\":\"Birgit Hampel\"}]},{\"@type\":\"WebSite\",\"@id\":\"https:\\\/\\\/www.kulturgut-poggenhagen.de\\\/kulturgut\\\/wordpress\\\/#website\",\"url\":\"https:\\\/\\\/www.kulturgut-poggenhagen.de\\\/kulturgut\\\/wordpress\\\/\",\"name\":\"KulturGut Poggenhagen\",\"description\":\"Verein f\u00fcr Kunst und Kultur\",\"publisher\":{\"@id\":\"https:\\\/\\\/www.kulturgut-poggenhagen.de\\\/kulturgut\\\/wordpress\\\/#organization\"},\"potentialAction\":[{\"@type\":\"SearchAction\",\"target\":{\"@type\":\"EntryPoint\",\"urlTemplate\":\"https:\\\/\\\/www.kulturgut-poggenhagen.de\\\/kulturgut\\\/wordpress\\\/?s={search_term_string}\"},\"query-input\":{\"@type\":\"PropertyValueSpecification\",\"valueRequired\":true,\"valueName\":\"search_term_string\"}}],\"inLanguage\":\"de\"},{\"@type\":\"Organization\",\"@id\":\"https:\\\/\\\/www.kulturgut-poggenhagen.de\\\/kulturgut\\\/wordpress\\\/#organization\",\"name\":\"KulturGut Poggenhagen e.V.\",\"url\":\"https:\\\/\\\/www.kulturgut-poggenhagen.de\\\/kulturgut\\\/wordpress\\\/\",\"logo\":{\"@type\":\"ImageObject\",\"inLanguage\":\"de\",\"@id\":\"https:\\\/\\\/www.kulturgut-poggenhagen.de\\\/kulturgut\\\/wordpress\\\/#\\\/schema\\\/logo\\\/image\\\/\",\"url\":\"https:\\\/\\\/www.kulturgut-poggenhagen.de\\\/kulturgut\\\/wordpress\\\/wp-content\\\/uploads\\\/2021\\\/03\\\/logo-kulturgut-pink-hoch.png\",\"contentUrl\":\"https:\\\/\\\/www.kulturgut-poggenhagen.de\\\/kulturgut\\\/wordpress\\\/wp-content\\\/uploads\\\/2021\\\/03\\\/logo-kulturgut-pink-hoch.png\",\"width\":535,\"height\":295,\"caption\":\"KulturGut Poggenhagen e.V.\"},\"image\":{\"@id\":\"https:\\\/\\\/www.kulturgut-poggenhagen.de\\\/kulturgut\\\/wordpress\\\/#\\\/schema\\\/logo\\\/image\\\/\"}}]}<\/script>\n<!-- \/ Yoast SEO plugin. -->","yoast_head_json":{"title":"Birgit Hampel - KulturGut Poggenhagen","description":"Birgit Hampel f\u00e4ngt mit Lanzeitbelichtungen in Dosenkameras die Essenz eines Ortes ein. Foto-Ausstellung und begehbare Camera Obscura im Park.","robots":{"index":"index","follow":"follow","max-snippet":"max-snippet:-1","max-image-preview":"max-image-preview:large","max-video-preview":"max-video-preview:-1"},"canonical":"https:\/\/www.kulturgut-poggenhagen.de\/kulturgut\/wordpress\/portfolio\/birgit-hampel\/","og_locale":"de_DE","og_type":"article","og_title":"Birgit Hampel - KulturGut Poggenhagen","og_description":"Birgit Hampel f\u00e4ngt mit Lanzeitbelichtungen in Dosenkameras die Essenz eines Ortes ein. Foto-Ausstellung und begehbare Camera Obscura im Park.","og_url":"https:\/\/www.kulturgut-poggenhagen.de\/kulturgut\/wordpress\/portfolio\/birgit-hampel\/","og_site_name":"KulturGut Poggenhagen","og_image":[{"width":1200,"height":854,"url":"https:\/\/www.kulturgut-poggenhagen.de\/kulturgut\/wordpress\/wp-content\/uploads\/2022\/07\/birgit-hampel-solargrafie-3.jpg","type":"image\/jpeg"}],"twitter_card":"summary_large_image","twitter_misc":{"Gesch\u00e4tzte Lesezeit":"2\u00a0Minuten"},"schema":{"@context":"https:\/\/schema.org","@graph":[{"@type":"WebPage","@id":"https:\/\/www.kulturgut-poggenhagen.de\/kulturgut\/wordpress\/portfolio\/birgit-hampel\/","url":"https:\/\/www.kulturgut-poggenhagen.de\/kulturgut\/wordpress\/portfolio\/birgit-hampel\/","name":"Birgit Hampel - KulturGut Poggenhagen","isPartOf":{"@id":"https:\/\/www.kulturgut-poggenhagen.de\/kulturgut\/wordpress\/#website"},"primaryImageOfPage":{"@id":"https:\/\/www.kulturgut-poggenhagen.de\/kulturgut\/wordpress\/portfolio\/birgit-hampel\/#primaryimage"},"image":{"@id":"https:\/\/www.kulturgut-poggenhagen.de\/kulturgut\/wordpress\/portfolio\/birgit-hampel\/#primaryimage"},"thumbnailUrl":"https:\/\/www.kulturgut-poggenhagen.de\/kulturgut\/wordpress\/wp-content\/uploads\/2022\/07\/birgit-hampel-solargrafie-3.jpg","datePublished":"2022-07-25T13:53:13+00:00","dateModified":"2024-05-14T08:59:44+00:00","description":"Birgit Hampel f\u00e4ngt mit Lanzeitbelichtungen in Dosenkameras die Essenz eines Ortes ein. Foto-Ausstellung und begehbare Camera Obscura im Park.","breadcrumb":{"@id":"https:\/\/www.kulturgut-poggenhagen.de\/kulturgut\/wordpress\/portfolio\/birgit-hampel\/#breadcrumb"},"inLanguage":"de","potentialAction":[{"@type":"ReadAction","target":["https:\/\/www.kulturgut-poggenhagen.de\/kulturgut\/wordpress\/portfolio\/birgit-hampel\/"]}]},{"@type":"ImageObject","inLanguage":"de","@id":"https:\/\/www.kulturgut-poggenhagen.de\/kulturgut\/wordpress\/portfolio\/birgit-hampel\/#primaryimage","url":"https:\/\/www.kulturgut-poggenhagen.de\/kulturgut\/wordpress\/wp-content\/uploads\/2022\/07\/birgit-hampel-solargrafie-3.jpg","contentUrl":"https:\/\/www.kulturgut-poggenhagen.de\/kulturgut\/wordpress\/wp-content\/uploads\/2022\/07\/birgit-hampel-solargrafie-3.jpg","width":1200,"height":854},{"@type":"BreadcrumbList","@id":"https:\/\/www.kulturgut-poggenhagen.de\/kulturgut\/wordpress\/portfolio\/birgit-hampel\/#breadcrumb","itemListElement":[{"@type":"ListItem","position":1,"name":"Startseite","item":"https:\/\/www.kulturgut-poggenhagen.de\/kulturgut\/wordpress\/"},{"@type":"ListItem","position":2,"name":"Projekte","item":"https:\/\/www.kulturgut-poggenhagen.de\/kulturgut\/wordpress\/portfolio\/"},{"@type":"ListItem","position":3,"name":"Birgit Hampel"}]},{"@type":"WebSite","@id":"https:\/\/www.kulturgut-poggenhagen.de\/kulturgut\/wordpress\/#website","url":"https:\/\/www.kulturgut-poggenhagen.de\/kulturgut\/wordpress\/","name":"KulturGut Poggenhagen","description":"Verein f\u00fcr Kunst und Kultur","publisher":{"@id":"https:\/\/www.kulturgut-poggenhagen.de\/kulturgut\/wordpress\/#organization"},"potentialAction":[{"@type":"SearchAction","target":{"@type":"EntryPoint","urlTemplate":"https:\/\/www.kulturgut-poggenhagen.de\/kulturgut\/wordpress\/?s={search_term_string}"},"query-input":{"@type":"PropertyValueSpecification","valueRequired":true,"valueName":"search_term_string"}}],"inLanguage":"de"},{"@type":"Organization","@id":"https:\/\/www.kulturgut-poggenhagen.de\/kulturgut\/wordpress\/#organization","name":"KulturGut Poggenhagen e.V.","url":"https:\/\/www.kulturgut-poggenhagen.de\/kulturgut\/wordpress\/","logo":{"@type":"ImageObject","inLanguage":"de","@id":"https:\/\/www.kulturgut-poggenhagen.de\/kulturgut\/wordpress\/#\/schema\/logo\/image\/","url":"https:\/\/www.kulturgut-poggenhagen.de\/kulturgut\/wordpress\/wp-content\/uploads\/2021\/03\/logo-kulturgut-pink-hoch.png","contentUrl":"https:\/\/www.kulturgut-poggenhagen.de\/kulturgut\/wordpress\/wp-content\/uploads\/2021\/03\/logo-kulturgut-pink-hoch.png","width":535,"height":295,"caption":"KulturGut Poggenhagen e.V."},"image":{"@id":"https:\/\/www.kulturgut-poggenhagen.de\/kulturgut\/wordpress\/#\/schema\/logo\/image\/"}}]}},"_links":{"self":[{"href":"https:\/\/www.kulturgut-poggenhagen.de\/kulturgut\/wordpress\/wp-json\/wp\/v2\/portfolio\/6087","targetHints":{"allow":["GET"]}}],"collection":[{"href":"https:\/\/www.kulturgut-poggenhagen.de\/kulturgut\/wordpress\/wp-json\/wp\/v2\/portfolio"}],"about":[{"href":"https:\/\/www.kulturgut-poggenhagen.de\/kulturgut\/wordpress\/wp-json\/wp\/v2\/types\/portfolio"}],"author":[{"embeddable":true,"href":"https:\/\/www.kulturgut-poggenhagen.de\/kulturgut\/wordpress\/wp-json\/wp\/v2\/users\/1"}],"replies":[{"embeddable":true,"href":"https:\/\/www.kulturgut-poggenhagen.de\/kulturgut\/wordpress\/wp-json\/wp\/v2\/comments?post=6087"}],"version-history":[{"count":35,"href":"https:\/\/www.kulturgut-poggenhagen.de\/kulturgut\/wordpress\/wp-json\/wp\/v2\/portfolio\/6087\/revisions"}],"predecessor-version":[{"id":7383,"href":"https:\/\/www.kulturgut-poggenhagen.de\/kulturgut\/wordpress\/wp-json\/wp\/v2\/portfolio\/6087\/revisions\/7383"}],"wp:featuredmedia":[{"embeddable":true,"href":"https:\/\/www.kulturgut-poggenhagen.de\/kulturgut\/wordpress\/wp-json\/wp\/v2\/media\/6096"}],"wp:attachment":[{"href":"https:\/\/www.kulturgut-poggenhagen.de\/kulturgut\/wordpress\/wp-json\/wp\/v2\/media?parent=6087"}],"wp:term":[{"taxonomy":"portfolio_category","embeddable":true,"href":"https:\/\/www.kulturgut-poggenhagen.de\/kulturgut\/wordpress\/wp-json\/wp\/v2\/portfolio_category?post=6087"},{"taxonomy":"portfolio_tag","embeddable":true,"href":"https:\/\/www.kulturgut-poggenhagen.de\/kulturgut\/wordpress\/wp-json\/wp\/v2\/portfolio_tag?post=6087"}],"curies":[{"name":"wp","href":"https:\/\/api.w.org\/{rel}","templated":true}]}}