{"id":5467,"date":"2019-05-17T21:32:11","date_gmt":"2019-05-17T19:32:11","guid":{"rendered":"http:\/\/kulturgut.boye-design.de\/?post_type=portfolio&#038;p=5467"},"modified":"2021-08-18T16:40:31","modified_gmt":"2021-08-18T14:40:31","slug":"barockfest","status":"publish","type":"portfolio","link":"https:\/\/www.kulturgut-poggenhagen.de\/kulturgut\/wordpress\/portfolio\/barockfest\/","title":{"rendered":"Barockfest"},"content":{"rendered":"<div class=\"wpb-content-wrapper\"><p>[vc_row][vc_column][vc_column_text]Die Gartenregion feierte im Jahr 2019 ihren 10. Geburtstag und g\u00f6nnte sich 10 ganz besondere Feste an 10 ganz besonderen Orten.<\/p>\n<p>Wir waren einer davon und zelebrierten genussvoll vor der Kulisse unseres Herrenhauses ein barockes Familienspektakel mit hochkar\u00e4tiger klassischer Musik und buntem Unterhaltungsprogram f\u00fcr kleine und gro\u00dfe Stauner.[\/vc_column_text][\/vc_column][\/vc_row]<\/p>\n<\/div>","protected":false},"excerpt":{"rendered":"<p>[vc_row][vc_column][vc_column_text]Die Gartenregion feierte im Jahr 2019 ihren 10. Geburtstag und g\u00f6nnte sich 10 ganz besondere Feste an 10 ganz besonderen Orten. Wir waren einer davon und zelebrierten genussvoll vor der Kulisse unseres Herrenhauses ein barockes Familienspektakel mit hochkar\u00e4tiger klassischer Musik und buntem Unterhaltungsprogram f\u00fcr kleine und gro\u00dfe Stauner.[\/vc_column_text][\/vc_column][\/vc_row]<\/p>\n","protected":false},"author":1,"featured_media":5474,"comment_status":"closed","ping_status":"closed","template":"","meta":{"_acf_changed":false,"footnotes":""},"portfolio_category":[48,53,105],"portfolio_tag":[],"class_list":["post-5467","portfolio","type-portfolio","status-publish","has-post-thumbnail","hentry","portfolio_category-kultur","portfolio_category-liebenswertes","portfolio_category-musik"],"acf":[],"yoast_head":"<!-- This site is optimized with the Yoast SEO plugin v27.5 - https:\/\/yoast.com\/product\/yoast-seo-wordpress\/ -->\n<title>Barockfest - KulturGut Poggenhagen<\/title>\n<meta name=\"robots\" content=\"index, follow, max-snippet:-1, max-image-preview:large, max-video-preview:-1\" \/>\n<link rel=\"canonical\" href=\"https:\/\/www.kulturgut-poggenhagen.de\/kulturgut\/wordpress\/portfolio\/barockfest\/\" \/>\n<meta property=\"og:locale\" content=\"de_DE\" \/>\n<meta property=\"og:type\" content=\"article\" \/>\n<meta property=\"og:title\" content=\"Barockfest - KulturGut Poggenhagen\" \/>\n<meta property=\"og:description\" content=\"[vc_row][vc_column][vc_column_text]Die Gartenregion feierte im Jahr 2019 ihren 10. Geburtstag und g\u00f6nnte sich 10 ganz besondere Feste an 10 ganz besonderen Orten. Wir waren einer davon und zelebrierten genussvoll vor der Kulisse unseres Herrenhauses ein barockes Familienspektakel mit hochkar\u00e4tiger klassischer Musik und buntem Unterhaltungsprogram f\u00fcr kleine und gro\u00dfe Stauner.[\/vc_column_text][\/vc_column][\/vc_row]\" \/>\n<meta property=\"og:url\" content=\"https:\/\/www.kulturgut-poggenhagen.de\/kulturgut\/wordpress\/portfolio\/barockfest\/\" \/>\n<meta property=\"og:site_name\" content=\"KulturGut Poggenhagen\" \/>\n<meta property=\"og:image\" content=\"https:\/\/www.kulturgut-poggenhagen.de\/kulturgut\/wordpress\/wp-content\/uploads\/2021\/05\/Barockfest-13.jpg\" \/>\n\t<meta property=\"og:image:width\" content=\"1000\" \/>\n\t<meta property=\"og:image:height\" content=\"887\" \/>\n\t<meta property=\"og:image:type\" content=\"image\/jpeg\" \/>\n<meta name=\"twitter:card\" content=\"summary_large_image\" \/>\n<meta name=\"twitter:label1\" content=\"Gesch\u00e4tzte Lesezeit\" \/>\n\t<meta name=\"twitter:data1\" content=\"1\u00a0Minute\" \/>\n<script type=\"application\/ld+json\" class=\"yoast-schema-graph\">{\"@context\":\"https:\\\/\\\/schema.org\",\"@graph\":[{\"@type\":\"WebPage\",\"@id\":\"https:\\\/\\\/www.kulturgut-poggenhagen.de\\\/kulturgut\\\/wordpress\\\/portfolio\\\/barockfest\\\/\",\"url\":\"https:\\\/\\\/www.kulturgut-poggenhagen.de\\\/kulturgut\\\/wordpress\\\/portfolio\\\/barockfest\\\/\",\"name\":\"Barockfest - KulturGut Poggenhagen\",\"isPartOf\":{\"@id\":\"https:\\\/\\\/www.kulturgut-poggenhagen.de\\\/kulturgut\\\/wordpress\\\/#website\"},\"primaryImageOfPage\":{\"@id\":\"https:\\\/\\\/www.kulturgut-poggenhagen.de\\\/kulturgut\\\/wordpress\\\/portfolio\\\/barockfest\\\/#primaryimage\"},\"image\":{\"@id\":\"https:\\\/\\\/www.kulturgut-poggenhagen.de\\\/kulturgut\\\/wordpress\\\/portfolio\\\/barockfest\\\/#primaryimage\"},\"thumbnailUrl\":\"https:\\\/\\\/www.kulturgut-poggenhagen.de\\\/kulturgut\\\/wordpress\\\/wp-content\\\/uploads\\\/2021\\\/05\\\/Barockfest-13.jpg\",\"datePublished\":\"2019-05-17T19:32:11+00:00\",\"dateModified\":\"2021-08-18T14:40:31+00:00\",\"breadcrumb\":{\"@id\":\"https:\\\/\\\/www.kulturgut-poggenhagen.de\\\/kulturgut\\\/wordpress\\\/portfolio\\\/barockfest\\\/#breadcrumb\"},\"inLanguage\":\"de\",\"potentialAction\":[{\"@type\":\"ReadAction\",\"target\":[\"https:\\\/\\\/www.kulturgut-poggenhagen.de\\\/kulturgut\\\/wordpress\\\/portfolio\\\/barockfest\\\/\"]}]},{\"@type\":\"ImageObject\",\"inLanguage\":\"de\",\"@id\":\"https:\\\/\\\/www.kulturgut-poggenhagen.de\\\/kulturgut\\\/wordpress\\\/portfolio\\\/barockfest\\\/#primaryimage\",\"url\":\"https:\\\/\\\/www.kulturgut-poggenhagen.de\\\/kulturgut\\\/wordpress\\\/wp-content\\\/uploads\\\/2021\\\/05\\\/Barockfest-13.jpg\",\"contentUrl\":\"https:\\\/\\\/www.kulturgut-poggenhagen.de\\\/kulturgut\\\/wordpress\\\/wp-content\\\/uploads\\\/2021\\\/05\\\/Barockfest-13.jpg\",\"width\":1000,\"height\":887},{\"@type\":\"BreadcrumbList\",\"@id\":\"https:\\\/\\\/www.kulturgut-poggenhagen.de\\\/kulturgut\\\/wordpress\\\/portfolio\\\/barockfest\\\/#breadcrumb\",\"itemListElement\":[{\"@type\":\"ListItem\",\"position\":1,\"name\":\"Startseite\",\"item\":\"https:\\\/\\\/www.kulturgut-poggenhagen.de\\\/kulturgut\\\/wordpress\\\/\"},{\"@type\":\"ListItem\",\"position\":2,\"name\":\"Projekte\",\"item\":\"https:\\\/\\\/www.kulturgut-poggenhagen.de\\\/kulturgut\\\/wordpress\\\/portfolio\\\/\"},{\"@type\":\"ListItem\",\"position\":3,\"name\":\"Barockfest\"}]},{\"@type\":\"WebSite\",\"@id\":\"https:\\\/\\\/www.kulturgut-poggenhagen.de\\\/kulturgut\\\/wordpress\\\/#website\",\"url\":\"https:\\\/\\\/www.kulturgut-poggenhagen.de\\\/kulturgut\\\/wordpress\\\/\",\"name\":\"KulturGut Poggenhagen\",\"description\":\"Verein f\u00fcr Kunst und Kultur\",\"publisher\":{\"@id\":\"https:\\\/\\\/www.kulturgut-poggenhagen.de\\\/kulturgut\\\/wordpress\\\/#organization\"},\"potentialAction\":[{\"@type\":\"SearchAction\",\"target\":{\"@type\":\"EntryPoint\",\"urlTemplate\":\"https:\\\/\\\/www.kulturgut-poggenhagen.de\\\/kulturgut\\\/wordpress\\\/?s={search_term_string}\"},\"query-input\":{\"@type\":\"PropertyValueSpecification\",\"valueRequired\":true,\"valueName\":\"search_term_string\"}}],\"inLanguage\":\"de\"},{\"@type\":\"Organization\",\"@id\":\"https:\\\/\\\/www.kulturgut-poggenhagen.de\\\/kulturgut\\\/wordpress\\\/#organization\",\"name\":\"KulturGut Poggenhagen e.V.\",\"url\":\"https:\\\/\\\/www.kulturgut-poggenhagen.de\\\/kulturgut\\\/wordpress\\\/\",\"logo\":{\"@type\":\"ImageObject\",\"inLanguage\":\"de\",\"@id\":\"https:\\\/\\\/www.kulturgut-poggenhagen.de\\\/kulturgut\\\/wordpress\\\/#\\\/schema\\\/logo\\\/image\\\/\",\"url\":\"https:\\\/\\\/www.kulturgut-poggenhagen.de\\\/kulturgut\\\/wordpress\\\/wp-content\\\/uploads\\\/2021\\\/03\\\/logo-kulturgut-pink-hoch.png\",\"contentUrl\":\"https:\\\/\\\/www.kulturgut-poggenhagen.de\\\/kulturgut\\\/wordpress\\\/wp-content\\\/uploads\\\/2021\\\/03\\\/logo-kulturgut-pink-hoch.png\",\"width\":535,\"height\":295,\"caption\":\"KulturGut Poggenhagen e.V.\"},\"image\":{\"@id\":\"https:\\\/\\\/www.kulturgut-poggenhagen.de\\\/kulturgut\\\/wordpress\\\/#\\\/schema\\\/logo\\\/image\\\/\"}}]}<\/script>\n<!-- \/ Yoast SEO plugin. -->","yoast_head_json":{"title":"Barockfest - KulturGut Poggenhagen","robots":{"index":"index","follow":"follow","max-snippet":"max-snippet:-1","max-image-preview":"max-image-preview:large","max-video-preview":"max-video-preview:-1"},"canonical":"https:\/\/www.kulturgut-poggenhagen.de\/kulturgut\/wordpress\/portfolio\/barockfest\/","og_locale":"de_DE","og_type":"article","og_title":"Barockfest - KulturGut Poggenhagen","og_description":"[vc_row][vc_column][vc_column_text]Die Gartenregion feierte im Jahr 2019 ihren 10. Geburtstag und g\u00f6nnte sich 10 ganz besondere Feste an 10 ganz besonderen Orten. Wir waren einer davon und zelebrierten genussvoll vor der Kulisse unseres Herrenhauses ein barockes Familienspektakel mit hochkar\u00e4tiger klassischer Musik und buntem Unterhaltungsprogram f\u00fcr kleine und gro\u00dfe Stauner.[\/vc_column_text][\/vc_column][\/vc_row]","og_url":"https:\/\/www.kulturgut-poggenhagen.de\/kulturgut\/wordpress\/portfolio\/barockfest\/","og_site_name":"KulturGut Poggenhagen","og_image":[{"width":1000,"height":887,"url":"https:\/\/www.kulturgut-poggenhagen.de\/kulturgut\/wordpress\/wp-content\/uploads\/2021\/05\/Barockfest-13.jpg","type":"image\/jpeg"}],"twitter_card":"summary_large_image","twitter_misc":{"Gesch\u00e4tzte Lesezeit":"1\u00a0Minute"},"schema":{"@context":"https:\/\/schema.org","@graph":[{"@type":"WebPage","@id":"https:\/\/www.kulturgut-poggenhagen.de\/kulturgut\/wordpress\/portfolio\/barockfest\/","url":"https:\/\/www.kulturgut-poggenhagen.de\/kulturgut\/wordpress\/portfolio\/barockfest\/","name":"Barockfest - KulturGut Poggenhagen","isPartOf":{"@id":"https:\/\/www.kulturgut-poggenhagen.de\/kulturgut\/wordpress\/#website"},"primaryImageOfPage":{"@id":"https:\/\/www.kulturgut-poggenhagen.de\/kulturgut\/wordpress\/portfolio\/barockfest\/#primaryimage"},"image":{"@id":"https:\/\/www.kulturgut-poggenhagen.de\/kulturgut\/wordpress\/portfolio\/barockfest\/#primaryimage"},"thumbnailUrl":"https:\/\/www.kulturgut-poggenhagen.de\/kulturgut\/wordpress\/wp-content\/uploads\/2021\/05\/Barockfest-13.jpg","datePublished":"2019-05-17T19:32:11+00:00","dateModified":"2021-08-18T14:40:31+00:00","breadcrumb":{"@id":"https:\/\/www.kulturgut-poggenhagen.de\/kulturgut\/wordpress\/portfolio\/barockfest\/#breadcrumb"},"inLanguage":"de","potentialAction":[{"@type":"ReadAction","target":["https:\/\/www.kulturgut-poggenhagen.de\/kulturgut\/wordpress\/portfolio\/barockfest\/"]}]},{"@type":"ImageObject","inLanguage":"de","@id":"https:\/\/www.kulturgut-poggenhagen.de\/kulturgut\/wordpress\/portfolio\/barockfest\/#primaryimage","url":"https:\/\/www.kulturgut-poggenhagen.de\/kulturgut\/wordpress\/wp-content\/uploads\/2021\/05\/Barockfest-13.jpg","contentUrl":"https:\/\/www.kulturgut-poggenhagen.de\/kulturgut\/wordpress\/wp-content\/uploads\/2021\/05\/Barockfest-13.jpg","width":1000,"height":887},{"@type":"BreadcrumbList","@id":"https:\/\/www.kulturgut-poggenhagen.de\/kulturgut\/wordpress\/portfolio\/barockfest\/#breadcrumb","itemListElement":[{"@type":"ListItem","position":1,"name":"Startseite","item":"https:\/\/www.kulturgut-poggenhagen.de\/kulturgut\/wordpress\/"},{"@type":"ListItem","position":2,"name":"Projekte","item":"https:\/\/www.kulturgut-poggenhagen.de\/kulturgut\/wordpress\/portfolio\/"},{"@type":"ListItem","position":3,"name":"Barockfest"}]},{"@type":"WebSite","@id":"https:\/\/www.kulturgut-poggenhagen.de\/kulturgut\/wordpress\/#website","url":"https:\/\/www.kulturgut-poggenhagen.de\/kulturgut\/wordpress\/","name":"KulturGut Poggenhagen","description":"Verein f\u00fcr Kunst und Kultur","publisher":{"@id":"https:\/\/www.kulturgut-poggenhagen.de\/kulturgut\/wordpress\/#organization"},"potentialAction":[{"@type":"SearchAction","target":{"@type":"EntryPoint","urlTemplate":"https:\/\/www.kulturgut-poggenhagen.de\/kulturgut\/wordpress\/?s={search_term_string}"},"query-input":{"@type":"PropertyValueSpecification","valueRequired":true,"valueName":"search_term_string"}}],"inLanguage":"de"},{"@type":"Organization","@id":"https:\/\/www.kulturgut-poggenhagen.de\/kulturgut\/wordpress\/#organization","name":"KulturGut Poggenhagen e.V.","url":"https:\/\/www.kulturgut-poggenhagen.de\/kulturgut\/wordpress\/","logo":{"@type":"ImageObject","inLanguage":"de","@id":"https:\/\/www.kulturgut-poggenhagen.de\/kulturgut\/wordpress\/#\/schema\/logo\/image\/","url":"https:\/\/www.kulturgut-poggenhagen.de\/kulturgut\/wordpress\/wp-content\/uploads\/2021\/03\/logo-kulturgut-pink-hoch.png","contentUrl":"https:\/\/www.kulturgut-poggenhagen.de\/kulturgut\/wordpress\/wp-content\/uploads\/2021\/03\/logo-kulturgut-pink-hoch.png","width":535,"height":295,"caption":"KulturGut Poggenhagen e.V."},"image":{"@id":"https:\/\/www.kulturgut-poggenhagen.de\/kulturgut\/wordpress\/#\/schema\/logo\/image\/"}}]}},"_links":{"self":[{"href":"https:\/\/www.kulturgut-poggenhagen.de\/kulturgut\/wordpress\/wp-json\/wp\/v2\/portfolio\/5467","targetHints":{"allow":["GET"]}}],"collection":[{"href":"https:\/\/www.kulturgut-poggenhagen.de\/kulturgut\/wordpress\/wp-json\/wp\/v2\/portfolio"}],"about":[{"href":"https:\/\/www.kulturgut-poggenhagen.de\/kulturgut\/wordpress\/wp-json\/wp\/v2\/types\/portfolio"}],"author":[{"embeddable":true,"href":"https:\/\/www.kulturgut-poggenhagen.de\/kulturgut\/wordpress\/wp-json\/wp\/v2\/users\/1"}],"replies":[{"embeddable":true,"href":"https:\/\/www.kulturgut-poggenhagen.de\/kulturgut\/wordpress\/wp-json\/wp\/v2\/comments?post=5467"}],"version-history":[{"count":10,"href":"https:\/\/www.kulturgut-poggenhagen.de\/kulturgut\/wordpress\/wp-json\/wp\/v2\/portfolio\/5467\/revisions"}],"predecessor-version":[{"id":5550,"href":"https:\/\/www.kulturgut-poggenhagen.de\/kulturgut\/wordpress\/wp-json\/wp\/v2\/portfolio\/5467\/revisions\/5550"}],"wp:featuredmedia":[{"embeddable":true,"href":"https:\/\/www.kulturgut-poggenhagen.de\/kulturgut\/wordpress\/wp-json\/wp\/v2\/media\/5474"}],"wp:attachment":[{"href":"https:\/\/www.kulturgut-poggenhagen.de\/kulturgut\/wordpress\/wp-json\/wp\/v2\/media?parent=5467"}],"wp:term":[{"taxonomy":"portfolio_category","embeddable":true,"href":"https:\/\/www.kulturgut-poggenhagen.de\/kulturgut\/wordpress\/wp-json\/wp\/v2\/portfolio_category?post=5467"},{"taxonomy":"portfolio_tag","embeddable":true,"href":"https:\/\/www.kulturgut-poggenhagen.de\/kulturgut\/wordpress\/wp-json\/wp\/v2\/portfolio_tag?post=5467"}],"curies":[{"name":"wp","href":"https:\/\/api.w.org\/{rel}","templated":true}]}}