{"id":6245,"date":"2022-09-11T12:00:45","date_gmt":"2022-09-11T10:00:45","guid":{"rendered":"https:\/\/www.kulturgut-poggenhagen.de\/kulturgut\/wordpress\/?page_id=6245"},"modified":"2023-05-17T10:43:43","modified_gmt":"2023-05-17T08:43:43","slug":"parkbeben-2022","status":"publish","type":"page","link":"https:\/\/www.kulturgut-poggenhagen.de\/kulturgut\/wordpress\/projekte\/parkbeben-2022\/","title":{"rendered":"Parkbeben 2022"},"content":{"rendered":"<div class=\"wpb-content-wrapper\"><p>[vc_row full_width=&#8220;stretch_row_content&#8220; no_bottom_margin=&#8220;yes&#8220; css=&#8220;.vc_custom_1615382389516{margin-top: 0px !important;margin-bottom: 0px !important;padding-top: 0px !important;padding-bottom: 0px !important;background-color: #ffffff !important;}&#8220;][vc_column 0=&#8220;&#8220; css=&#8220;.vc_custom_1615382208403{margin-top: 0px !important;margin-bottom: 0px !important;padding-top: 0px !important;}&#8220;][vc_separator color=&#8220;black&#8220; css=&#8220;.vc_custom_1615383326776{margin-top: 0px !important;padding-top: 0px !important;}&#8220;][\/vc_column][\/vc_row][vc_row][vc_column css=&#8220;.vc_custom_1615832499145{padding-top: 0px !important;padding-bottom: 0px !important;}&#8220;][vc_column_text css=&#8220;.vc_custom_1662890441599{margin-bottom: 20px !important;}&#8220;]<\/p>\n<h1 style=\"text-align: center;\">Parkbeben 2022<\/h1>\n<p>[\/vc_column_text][vc_column_text]<\/p>\n<h4 style=\"text-align: center;\">Fotos<\/h4>\n<p>[\/vc_column_text][\/vc_column][\/vc_row][vc_row][vc_column width=&#8220;2\/3&#8243;][vc_masonry_media_grid gap=&#8220;25&#8243; grid_id=&#8220;vc_gid:1684312863719-478c3644-8524-2&#8243; include=&#8220;6376,6249,6250,6251,6252,6253,6254,6255,6256,6257,6258,6259,6260,6261,6262,6263,6264,6270,6271,6382,6273,6274,6379,6275,6277,6278,6279,6280,6269,6281,6282,6283,6284,6285,6290,6287,6288,6289,6407,6415,6246,6412,6411,6414,6291,6286,6417,6292,6293,6294,6295,6390,6296,6297,6298,6299,6389,6300,6301,6302,6303,6304,6599,6305,6306,6307,6308,6309,6310,6161,6311,6248,6312,6313,6334,6314,6315,6316,6317,6318,6319,6320,6321,6366,6363,6368,6326,6392,6327,6329,6331,6372,6364,6361,6362,6324,6325,6328,6370,6323,6322,6335,6336,6337,6371,6338,6339,6369,6345,6373,6375,6340,6374,6341,6344,6342,6343,6367,6413,6158,6365,6416,6408,6410,6409,6144,6425,6426,6155,6419,6421&#8243;][\/vc_column][vc_column width=&#8220;1\/3&#8243;][vc_single_image image=&#8220;6347&#8243; img_size=&#8220;full&#8220; alignment=&#8220;center&#8220; onclick=&#8220;kalium_lightbox&#8220;][vc_tta_accordion title_tag=&#8220;h4&#8243; section_title_tag=&#8220;h5&#8243; active_section=&#8220;2&#8243; no_fill=&#8220;true&#8220; collapsible_all=&#8220;true&#8220; title=&#8220;Musikprogramm&#8220;][vc_tta_section title=&#8220;Freitag 19. August&#8220; tab_id=&#8220;1655664984847-fa051964-de1759b6-632d&#8220;][vc_column_text]<\/p>\n<h4>Salomea &#8211; Urban Jazz<\/h4>\n<h5>20 Uhr (Einlass ab 19 Uhr)<\/h5>\n<p>[\/vc_column_text][vc_column_text]<\/p>\n<h4>DJ dansen_bazzmatazz<\/h4>\n<h5>22 Uhr<\/h5>\n<p>[\/vc_column_text][\/vc_tta_section][vc_tta_section title=&#8220;Samstag 20. August&#8220; tab_id=&#8220;1655664984858-8fd5405f-f02359b6-632d&#8220;][vc_column_text]<\/p>\n<h4>Brasswoofer &#8211; Bl\u00e4ser-HipHop<\/h4>\n<h5>17:00 Uhr (Einlass ab 16 Uhr)<\/h5>\n<p>&nbsp;<\/p>\n<h4>Karanoon &#8211; Neo Soul<\/h4>\n<h5>18:00 Uhr<\/h5>\n<p>&nbsp;<\/p>\n<h4>C.A.R. &#8211; kosmischer Krautrock<\/h4>\n<h5>20:00 Uhr<\/h5>\n<p>&nbsp;<\/p>\n<h4>My Baby &#8211; Hypnotic Dance aus Amsterdam<\/h4>\n<h5>22:00 Uhr<\/h5>\n<p>&nbsp;<\/p>\n<h4>LADY OELECTRIC DJ-Performance-Costume &#8211; Disco &amp; Funk<\/h4>\n<h5>open End<\/h5>\n<p>[\/vc_column_text][\/vc_tta_section][vc_tta_section title=&#8220;Sonntag 21. August&#8220; tab_id=&#8220;1655665046410-98f4950b-11ee59b6-632d&#8220;][vc_column_text]<\/p>\n<h4>Brudy-Ensemble &#8211; Hawaiian Jazz &amp; Western Swing<\/h4>\n<h5>11 Uhr<\/h5>\n<p>[\/vc_column_text][\/vc_tta_section][\/vc_tta_accordion][vc_tta_accordion title_tag=&#8220;h4&#8243; section_title_tag=&#8220;h5&#8243; active_section=&#8220;1&#8243; no_fill=&#8220;true&#8220; collapsible_all=&#8220;true&#8220; title=&#8220;Kunst&#8220;][vc_tta_section title=&#8220;Fotografie, Lichtkunst und Multimediainastallationen&#8220; tab_id=&#8220;1658758254536-44e72cde-9f9959b6-632d&#8220;][vc_column_text]<\/p>\n<h4>Birgit Hampel \u2013 Zeit in Dosen<\/h4>\n<p>Die Berliner K\u00fcnstlerin <a href=\"https:\/\/www.kulturgut-poggenhagen.de\/kulturgut\/wordpress\/portfolio\/birgit-hampel\/\">Birgit Hampel<\/a> f\u00e4ngt mit ihren unscheinbaren Dosenkameras nicht weniger als die Essenz eines Ortes ein. Extra zum Parkbeben freuen wir uns zus\u00e4tzlich \u00fcber eine Installation der K\u00fcnstlerin in Form einer begehbaren Camera Obscura.[\/vc_column_text][vc_column_text]<\/p>\n<h4>Cameo Kollektiv \u2013 R\u00e4ume<\/h4>\n<p>Jedes Bild er\u00f6ffnet neue R\u00e4ume. Wohin sie die Gedanken f\u00fchren, ist bei den gezeigten Fotograf*innen aus dem Cameo Kollektiv sehr unterschiedlich. Was sie verbindet ist die Haltung, Fotografie als Widerstand zu begreifen.[\/vc_column_text][vc_column_text]<\/p>\n<h4>UNTER EINEM DACH \u2013 \u201eEin Tag, ein Bild, ein Lebensweg\u201c<\/h4>\n<p>\u201eEin Tag, ein Bild, ein Lebensweg\u201d, ist das Ergebnis aus dem Projekt \u201eScale up diversity\u201c und erz\u00e4hlt pers\u00f6nliche Geschichten \u00fcber das Erwachsenwerden in Syrien, Mali, Ghana und dem Iran, \u00fcber das Aufbrechen und das Ankommen einzelner Protagonist*innen deren Lebenswege sich in Hannover kreuzen.[\/vc_column_text][vc_column_text]<\/p>\n<h4>Helmut Hennig \u2013 Lichtkunst<\/h4>\n<p>Freut Euch auf ein intensives Lichterlebnis am Abend \u2013 der hannoversche Lichtk\u00fcnstler Helmut Hennig verwandelt die Fassade unseres Herrenhauses in ein gigantisches Kaleidoskop. Das wird ganz gro\u00dfes Kino![\/vc_column_text][\/vc_tta_section][\/vc_tta_accordion][vc_tta_accordion title_tag=&#8220;h4&#8243; section_title_tag=&#8220;h5&#8243; active_section=&#8220;1&#8243; no_fill=&#8220;true&#8220; collapsible_all=&#8220;true&#8220; title=&#8220;Akrobatik&#8220;][vc_tta_section title=&#8220;Zirkus&#8220; tab_id=&#8220;1658820067003-620ff685-692759b6-632d&#8220;][vc_column_text]<\/p>\n<h4>Piglet Circus &#8211; ein tierisches Vergn\u00fcgen!<\/h4>\n<h5>Samstag, 16:30<\/h5>\n<p>[\/vc_column_text][vc_column_text]<\/p>\n<h4>flying dream duo \u2013 Luftring-Artistik<\/h4>\n<h5>Samstag, 17:45<\/h5>\n<p>[\/vc_column_text][vc_column_text]<\/p>\n<h4>Caro &amp; Lana<\/h4>\n<h5>Samstag, 19:45<\/h5>\n<p>[\/vc_column_text][\/vc_tta_section][\/vc_tta_accordion][vc_column_text]<\/p>\n<div class=\"checklist-entry col-sm-12\">\n<h3>Gef\u00f6rdert durch<\/h3>\n<ul>\n<li>Stiftung Kulturregion Hannover<\/li>\n<li>Region Hannover<\/li>\n<li>Kultursommer<\/li>\n<\/ul>\n<p>&nbsp;<\/p>\n<ul>\n<li>NEUSTART KULTUR<\/li>\n<li>Initiative Musik<\/li>\n<li>Bundesregierung f\u00fcr Kultur und Medien (BKM)<\/li>\n<\/ul>\n<\/div>\n<p>[\/vc_column_text][\/vc_column][\/vc_row][vc_row css=&#8220;.vc_custom_1617537683269{margin-top: 0px !important;margin-bottom: 40px !important;}&#8220;][vc_column width=&#8220;1\/4&#8243;][\/vc_column][vc_column width=&#8220;1\/2&#8243;][lab_button title=&#8220;Zur\u00fcck zur Parkbeben-Seite&#8220; type=&#8220;outlined-bg&#8220; size=&#8220;btn-large&#8220; button_bg=&#8220;btn-white&#8220; link=&#8220;url:https%3A%2F%2Fwww.kulturgut-poggenhagen.de%2Fkulturgut%2Fwordpress%2Fportfolio%2Fparkbeben%2F|title:Parkbeben&#8220;][\/vc_column][vc_column width=&#8220;1\/4&#8243;][\/vc_column][\/vc_row]<\/p>\n<\/div>","protected":false},"excerpt":{"rendered":"<p>[vc_row full_width=&#8220;stretch_row_content&#8220; no_bottom_margin=&#8220;yes&#8220; css=&#8220;.vc_custom_1615382389516{margin-top: 0px !important;margin-bottom: 0px !important;padding-top: 0px !important;padding-bottom: 0px !important;background-color: #ffffff !important;}&#8220;][vc_column 0=&#8220;&#8220; css=&#8220;.vc_custom_1615382208403{margin-top: 0px !important;margin-bottom: 0px !important;padding-top: 0px !important;}&#8220;][vc_separator color=&#8220;black&#8220; css=&#8220;.vc_custom_1615383326776{margin-top: 0px !important;padding-top: 0px !important;}&#8220;][\/vc_column][\/vc_row][vc_row][vc_column css=&#8220;.vc_custom_1615832499145{padding-top: 0px !important;padding-bottom: 0px !important;}&#8220;][vc_column_text css=&#8220;.vc_custom_1662890441599{margin-bottom: 20px !important;}&#8220;] Parkbeben 2022 [\/vc_column_text][vc_column_text] Fotos [\/vc_column_text][\/vc_column][\/vc_row][vc_row][vc_column width=&#8220;2\/3&#8243;][vc_masonry_media_grid gap=&#8220;25&#8243; grid_id=&#8220;vc_gid:1684312863719-478c3644-8524-2&#8243; include=&#8220;6376,6249,6250,6251,6252,6253,6254,6255,6256,6257,6258,6259,6260,6261,6262,6263,6264,6270,6271,6382,6273,6274,6379,6275,6277,6278,6279,6280,6269,6281,6282,6283,6284,6285,6290,6287,6288,6289,6407,6415,6246,6412,6411,6414,6291,6286,6417,6292,6293,6294,6295,6390,6296,6297,6298,6299,6389,6300,6301,6302,6303,6304,6599,6305,6306,6307,6308,6309,6310,6161,6311,6248,6312,6313,6334,6314,6315,6316,6317,6318,6319,6320,6321,6366,6363,6368,6326,6392,6327,6329,6331,6372,6364,6361,6362,6324,6325,6328,6370,6323,6322,6335,6336,6337,6371,6338,6339,6369,6345,6373,6375,6340,6374,6341,6344,6342,6343,6367,6413,6158,6365,6416,6408,6410,6409,6144,6425,6426,6155,6419,6421&#8243;][\/vc_column][vc_column width=&#8220;1\/3&#8243;][vc_single_image image=&#8220;6347&#8243; img_size=&#8220;full&#8220; alignment=&#8220;center&#8220; onclick=&#8220;kalium_lightbox&#8220;][vc_tta_accordion title_tag=&#8220;h4&#8243; section_title_tag=&#8220;h5&#8243; active_section=&#8220;2&#8243; no_fill=&#8220;true&#8220; collapsible_all=&#8220;true&#8220;&hellip;<\/p>\n","protected":false},"author":1,"featured_media":6370,"parent":4583,"menu_order":0,"comment_status":"closed","ping_status":"closed","template":"","meta":{"_acf_changed":false,"footnotes":""},"class_list":["post-6245","page","type-page","status-publish","has-post-thumbnail","hentry"],"acf":[],"yoast_head":"<!-- This site is optimized with the Yoast SEO plugin v27.5 - https:\/\/yoast.com\/product\/yoast-seo-wordpress\/ -->\n<title>Parkbeben 2022 - KulturGut Poggenhagen<\/title>\n<meta name=\"robots\" content=\"index, follow, max-snippet:-1, max-image-preview:large, max-video-preview:-1\" \/>\n<link rel=\"canonical\" href=\"https:\/\/www.kulturgut-poggenhagen.de\/kulturgut\/wordpress\/projekte\/parkbeben-2022\/\" \/>\n<meta property=\"og:locale\" content=\"de_DE\" \/>\n<meta property=\"og:type\" content=\"article\" \/>\n<meta property=\"og:title\" content=\"Parkbeben 2022 - KulturGut Poggenhagen\" \/>\n<meta property=\"og:description\" content=\"[vc_row full_width=&#8220;stretch_row_content&#8220; no_bottom_margin=&#8220;yes&#8220; css=&#8220;.vc_custom_1615382389516{margin-top: 0px !important;margin-bottom: 0px !important;padding-top: 0px !important;padding-bottom: 0px !important;background-color: #ffffff !important;}&#8220;][vc_column 0=&#8220;&#8220; css=&#8220;.vc_custom_1615382208403{margin-top: 0px !important;margin-bottom: 0px !important;padding-top: 0px !important;}&#8220;][vc_separator color=&#8220;black&#8220; css=&#8220;.vc_custom_1615383326776{margin-top: 0px !important;padding-top: 0px !important;}&#8220;][\/vc_column][\/vc_row][vc_row][vc_column css=&#8220;.vc_custom_1615832499145{padding-top: 0px !important;padding-bottom: 0px !important;}&#8220;][vc_column_text css=&#8220;.vc_custom_1662890441599{margin-bottom: 20px !important;}&#8220;] Parkbeben 2022 [\/vc_column_text][vc_column_text] Fotos [\/vc_column_text][\/vc_column][\/vc_row][vc_row][vc_column width=&#8220;2\/3&#8243;][vc_masonry_media_grid gap=&#8220;25&#8243; grid_id=&#8220;vc_gid:1684312863719-478c3644-8524-2&#8243; include=&#8220;6376,6249,6250,6251,6252,6253,6254,6255,6256,6257,6258,6259,6260,6261,6262,6263,6264,6270,6271,6382,6273,6274,6379,6275,6277,6278,6279,6280,6269,6281,6282,6283,6284,6285,6290,6287,6288,6289,6407,6415,6246,6412,6411,6414,6291,6286,6417,6292,6293,6294,6295,6390,6296,6297,6298,6299,6389,6300,6301,6302,6303,6304,6599,6305,6306,6307,6308,6309,6310,6161,6311,6248,6312,6313,6334,6314,6315,6316,6317,6318,6319,6320,6321,6366,6363,6368,6326,6392,6327,6329,6331,6372,6364,6361,6362,6324,6325,6328,6370,6323,6322,6335,6336,6337,6371,6338,6339,6369,6345,6373,6375,6340,6374,6341,6344,6342,6343,6367,6413,6158,6365,6416,6408,6410,6409,6144,6425,6426,6155,6419,6421&#8243;][\/vc_column][vc_column width=&#8220;1\/3&#8243;][vc_single_image image=&#8220;6347&#8243; img_size=&#8220;full&#8220; alignment=&#8220;center&#8220; onclick=&#8220;kalium_lightbox&#8220;][vc_tta_accordion title_tag=&#8220;h4&#8243; section_title_tag=&#8220;h5&#8243; active_section=&#8220;2&#8243; no_fill=&#8220;true&#8220; collapsible_all=&#8220;true&#8220;&hellip;\" \/>\n<meta property=\"og:url\" content=\"https:\/\/www.kulturgut-poggenhagen.de\/kulturgut\/wordpress\/projekte\/parkbeben-2022\/\" \/>\n<meta property=\"og:site_name\" content=\"KulturGut Poggenhagen\" \/>\n<meta property=\"og:image\" content=\"https:\/\/www.kulturgut-poggenhagen.de\/kulturgut\/wordpress\/wp-content\/uploads\/2022\/09\/parkbeben-22-foto-nadja-mahjoub-89c.jpg\" \/>\n\t<meta property=\"og:image:width\" content=\"1000\" \/>\n\t<meta property=\"og:image:height\" content=\"667\" \/>\n\t<meta property=\"og:image:type\" content=\"image\/jpeg\" \/>\n<meta name=\"twitter:card\" content=\"summary_large_image\" \/>\n<meta name=\"twitter:label1\" content=\"Gesch\u00e4tzte Lesezeit\" \/>\n\t<meta name=\"twitter:data1\" content=\"2\u00a0Minuten\" \/>\n<script type=\"application\/ld+json\" class=\"yoast-schema-graph\">{\"@context\":\"https:\\\/\\\/schema.org\",\"@graph\":[{\"@type\":\"WebPage\",\"@id\":\"https:\\\/\\\/www.kulturgut-poggenhagen.de\\\/kulturgut\\\/wordpress\\\/projekte\\\/parkbeben-2022\\\/\",\"url\":\"https:\\\/\\\/www.kulturgut-poggenhagen.de\\\/kulturgut\\\/wordpress\\\/projekte\\\/parkbeben-2022\\\/\",\"name\":\"Parkbeben 2022 - KulturGut Poggenhagen\",\"isPartOf\":{\"@id\":\"https:\\\/\\\/www.kulturgut-poggenhagen.de\\\/kulturgut\\\/wordpress\\\/#website\"},\"primaryImageOfPage\":{\"@id\":\"https:\\\/\\\/www.kulturgut-poggenhagen.de\\\/kulturgut\\\/wordpress\\\/projekte\\\/parkbeben-2022\\\/#primaryimage\"},\"image\":{\"@id\":\"https:\\\/\\\/www.kulturgut-poggenhagen.de\\\/kulturgut\\\/wordpress\\\/projekte\\\/parkbeben-2022\\\/#primaryimage\"},\"thumbnailUrl\":\"https:\\\/\\\/www.kulturgut-poggenhagen.de\\\/kulturgut\\\/wordpress\\\/wp-content\\\/uploads\\\/2022\\\/09\\\/parkbeben-22-foto-nadja-mahjoub-89c.jpg\",\"datePublished\":\"2022-09-11T10:00:45+00:00\",\"dateModified\":\"2023-05-17T08:43:43+00:00\",\"breadcrumb\":{\"@id\":\"https:\\\/\\\/www.kulturgut-poggenhagen.de\\\/kulturgut\\\/wordpress\\\/projekte\\\/parkbeben-2022\\\/#breadcrumb\"},\"inLanguage\":\"de\",\"potentialAction\":[{\"@type\":\"ReadAction\",\"target\":[\"https:\\\/\\\/www.kulturgut-poggenhagen.de\\\/kulturgut\\\/wordpress\\\/projekte\\\/parkbeben-2022\\\/\"]}]},{\"@type\":\"ImageObject\",\"inLanguage\":\"de\",\"@id\":\"https:\\\/\\\/www.kulturgut-poggenhagen.de\\\/kulturgut\\\/wordpress\\\/projekte\\\/parkbeben-2022\\\/#primaryimage\",\"url\":\"https:\\\/\\\/www.kulturgut-poggenhagen.de\\\/kulturgut\\\/wordpress\\\/wp-content\\\/uploads\\\/2022\\\/09\\\/parkbeben-22-foto-nadja-mahjoub-89c.jpg\",\"contentUrl\":\"https:\\\/\\\/www.kulturgut-poggenhagen.de\\\/kulturgut\\\/wordpress\\\/wp-content\\\/uploads\\\/2022\\\/09\\\/parkbeben-22-foto-nadja-mahjoub-89c.jpg\",\"width\":1000,\"height\":667,\"caption\":\"Pakbeben 22, Foto: Nadja-Mahjoub\"},{\"@type\":\"BreadcrumbList\",\"@id\":\"https:\\\/\\\/www.kulturgut-poggenhagen.de\\\/kulturgut\\\/wordpress\\\/projekte\\\/parkbeben-2022\\\/#breadcrumb\",\"itemListElement\":[{\"@type\":\"ListItem\",\"position\":1,\"name\":\"Startseite\",\"item\":\"https:\\\/\\\/www.kulturgut-poggenhagen.de\\\/kulturgut\\\/wordpress\\\/\"},{\"@type\":\"ListItem\",\"position\":2,\"name\":\"Projekte\",\"item\":\"https:\\\/\\\/www.kulturgut-poggenhagen.de\\\/kulturgut\\\/wordpress\\\/projekte\\\/\"},{\"@type\":\"ListItem\",\"position\":3,\"name\":\"Parkbeben 2022\"}]},{\"@type\":\"WebSite\",\"@id\":\"https:\\\/\\\/www.kulturgut-poggenhagen.de\\\/kulturgut\\\/wordpress\\\/#website\",\"url\":\"https:\\\/\\\/www.kulturgut-poggenhagen.de\\\/kulturgut\\\/wordpress\\\/\",\"name\":\"KulturGut Poggenhagen\",\"description\":\"Verein f\u00fcr Kunst und Kultur\",\"publisher\":{\"@id\":\"https:\\\/\\\/www.kulturgut-poggenhagen.de\\\/kulturgut\\\/wordpress\\\/#organization\"},\"potentialAction\":[{\"@type\":\"SearchAction\",\"target\":{\"@type\":\"EntryPoint\",\"urlTemplate\":\"https:\\\/\\\/www.kulturgut-poggenhagen.de\\\/kulturgut\\\/wordpress\\\/?s={search_term_string}\"},\"query-input\":{\"@type\":\"PropertyValueSpecification\",\"valueRequired\":true,\"valueName\":\"search_term_string\"}}],\"inLanguage\":\"de\"},{\"@type\":\"Organization\",\"@id\":\"https:\\\/\\\/www.kulturgut-poggenhagen.de\\\/kulturgut\\\/wordpress\\\/#organization\",\"name\":\"KulturGut Poggenhagen e.V.\",\"url\":\"https:\\\/\\\/www.kulturgut-poggenhagen.de\\\/kulturgut\\\/wordpress\\\/\",\"logo\":{\"@type\":\"ImageObject\",\"inLanguage\":\"de\",\"@id\":\"https:\\\/\\\/www.kulturgut-poggenhagen.de\\\/kulturgut\\\/wordpress\\\/#\\\/schema\\\/logo\\\/image\\\/\",\"url\":\"https:\\\/\\\/www.kulturgut-poggenhagen.de\\\/kulturgut\\\/wordpress\\\/wp-content\\\/uploads\\\/2021\\\/03\\\/logo-kulturgut-pink-hoch.png\",\"contentUrl\":\"https:\\\/\\\/www.kulturgut-poggenhagen.de\\\/kulturgut\\\/wordpress\\\/wp-content\\\/uploads\\\/2021\\\/03\\\/logo-kulturgut-pink-hoch.png\",\"width\":535,\"height\":295,\"caption\":\"KulturGut Poggenhagen e.V.\"},\"image\":{\"@id\":\"https:\\\/\\\/www.kulturgut-poggenhagen.de\\\/kulturgut\\\/wordpress\\\/#\\\/schema\\\/logo\\\/image\\\/\"}}]}<\/script>\n<!-- \/ Yoast SEO plugin. -->","yoast_head_json":{"title":"Parkbeben 2022 - KulturGut Poggenhagen","robots":{"index":"index","follow":"follow","max-snippet":"max-snippet:-1","max-image-preview":"max-image-preview:large","max-video-preview":"max-video-preview:-1"},"canonical":"https:\/\/www.kulturgut-poggenhagen.de\/kulturgut\/wordpress\/projekte\/parkbeben-2022\/","og_locale":"de_DE","og_type":"article","og_title":"Parkbeben 2022 - KulturGut Poggenhagen","og_description":"[vc_row full_width=&#8220;stretch_row_content&#8220; no_bottom_margin=&#8220;yes&#8220; css=&#8220;.vc_custom_1615382389516{margin-top: 0px !important;margin-bottom: 0px !important;padding-top: 0px !important;padding-bottom: 0px !important;background-color: #ffffff !important;}&#8220;][vc_column 0=&#8220;&#8220; css=&#8220;.vc_custom_1615382208403{margin-top: 0px !important;margin-bottom: 0px !important;padding-top: 0px !important;}&#8220;][vc_separator color=&#8220;black&#8220; css=&#8220;.vc_custom_1615383326776{margin-top: 0px !important;padding-top: 0px !important;}&#8220;][\/vc_column][\/vc_row][vc_row][vc_column css=&#8220;.vc_custom_1615832499145{padding-top: 0px !important;padding-bottom: 0px !important;}&#8220;][vc_column_text css=&#8220;.vc_custom_1662890441599{margin-bottom: 20px !important;}&#8220;] Parkbeben 2022 [\/vc_column_text][vc_column_text] Fotos [\/vc_column_text][\/vc_column][\/vc_row][vc_row][vc_column width=&#8220;2\/3&#8243;][vc_masonry_media_grid gap=&#8220;25&#8243; grid_id=&#8220;vc_gid:1684312863719-478c3644-8524-2&#8243; include=&#8220;6376,6249,6250,6251,6252,6253,6254,6255,6256,6257,6258,6259,6260,6261,6262,6263,6264,6270,6271,6382,6273,6274,6379,6275,6277,6278,6279,6280,6269,6281,6282,6283,6284,6285,6290,6287,6288,6289,6407,6415,6246,6412,6411,6414,6291,6286,6417,6292,6293,6294,6295,6390,6296,6297,6298,6299,6389,6300,6301,6302,6303,6304,6599,6305,6306,6307,6308,6309,6310,6161,6311,6248,6312,6313,6334,6314,6315,6316,6317,6318,6319,6320,6321,6366,6363,6368,6326,6392,6327,6329,6331,6372,6364,6361,6362,6324,6325,6328,6370,6323,6322,6335,6336,6337,6371,6338,6339,6369,6345,6373,6375,6340,6374,6341,6344,6342,6343,6367,6413,6158,6365,6416,6408,6410,6409,6144,6425,6426,6155,6419,6421&#8243;][\/vc_column][vc_column width=&#8220;1\/3&#8243;][vc_single_image image=&#8220;6347&#8243; img_size=&#8220;full&#8220; alignment=&#8220;center&#8220; onclick=&#8220;kalium_lightbox&#8220;][vc_tta_accordion title_tag=&#8220;h4&#8243; section_title_tag=&#8220;h5&#8243; active_section=&#8220;2&#8243; no_fill=&#8220;true&#8220; collapsible_all=&#8220;true&#8220;&hellip;","og_url":"https:\/\/www.kulturgut-poggenhagen.de\/kulturgut\/wordpress\/projekte\/parkbeben-2022\/","og_site_name":"KulturGut Poggenhagen","og_image":[{"width":1000,"height":667,"url":"https:\/\/www.kulturgut-poggenhagen.de\/kulturgut\/wordpress\/wp-content\/uploads\/2022\/09\/parkbeben-22-foto-nadja-mahjoub-89c.jpg","type":"image\/jpeg"}],"twitter_card":"summary_large_image","twitter_misc":{"Gesch\u00e4tzte Lesezeit":"2\u00a0Minuten"},"schema":{"@context":"https:\/\/schema.org","@graph":[{"@type":"WebPage","@id":"https:\/\/www.kulturgut-poggenhagen.de\/kulturgut\/wordpress\/projekte\/parkbeben-2022\/","url":"https:\/\/www.kulturgut-poggenhagen.de\/kulturgut\/wordpress\/projekte\/parkbeben-2022\/","name":"Parkbeben 2022 - KulturGut Poggenhagen","isPartOf":{"@id":"https:\/\/www.kulturgut-poggenhagen.de\/kulturgut\/wordpress\/#website"},"primaryImageOfPage":{"@id":"https:\/\/www.kulturgut-poggenhagen.de\/kulturgut\/wordpress\/projekte\/parkbeben-2022\/#primaryimage"},"image":{"@id":"https:\/\/www.kulturgut-poggenhagen.de\/kulturgut\/wordpress\/projekte\/parkbeben-2022\/#primaryimage"},"thumbnailUrl":"https:\/\/www.kulturgut-poggenhagen.de\/kulturgut\/wordpress\/wp-content\/uploads\/2022\/09\/parkbeben-22-foto-nadja-mahjoub-89c.jpg","datePublished":"2022-09-11T10:00:45+00:00","dateModified":"2023-05-17T08:43:43+00:00","breadcrumb":{"@id":"https:\/\/www.kulturgut-poggenhagen.de\/kulturgut\/wordpress\/projekte\/parkbeben-2022\/#breadcrumb"},"inLanguage":"de","potentialAction":[{"@type":"ReadAction","target":["https:\/\/www.kulturgut-poggenhagen.de\/kulturgut\/wordpress\/projekte\/parkbeben-2022\/"]}]},{"@type":"ImageObject","inLanguage":"de","@id":"https:\/\/www.kulturgut-poggenhagen.de\/kulturgut\/wordpress\/projekte\/parkbeben-2022\/#primaryimage","url":"https:\/\/www.kulturgut-poggenhagen.de\/kulturgut\/wordpress\/wp-content\/uploads\/2022\/09\/parkbeben-22-foto-nadja-mahjoub-89c.jpg","contentUrl":"https:\/\/www.kulturgut-poggenhagen.de\/kulturgut\/wordpress\/wp-content\/uploads\/2022\/09\/parkbeben-22-foto-nadja-mahjoub-89c.jpg","width":1000,"height":667,"caption":"Pakbeben 22, Foto: Nadja-Mahjoub"},{"@type":"BreadcrumbList","@id":"https:\/\/www.kulturgut-poggenhagen.de\/kulturgut\/wordpress\/projekte\/parkbeben-2022\/#breadcrumb","itemListElement":[{"@type":"ListItem","position":1,"name":"Startseite","item":"https:\/\/www.kulturgut-poggenhagen.de\/kulturgut\/wordpress\/"},{"@type":"ListItem","position":2,"name":"Projekte","item":"https:\/\/www.kulturgut-poggenhagen.de\/kulturgut\/wordpress\/projekte\/"},{"@type":"ListItem","position":3,"name":"Parkbeben 2022"}]},{"@type":"WebSite","@id":"https:\/\/www.kulturgut-poggenhagen.de\/kulturgut\/wordpress\/#website","url":"https:\/\/www.kulturgut-poggenhagen.de\/kulturgut\/wordpress\/","name":"KulturGut Poggenhagen","description":"Verein f\u00fcr Kunst und Kultur","publisher":{"@id":"https:\/\/www.kulturgut-poggenhagen.de\/kulturgut\/wordpress\/#organization"},"potentialAction":[{"@type":"SearchAction","target":{"@type":"EntryPoint","urlTemplate":"https:\/\/www.kulturgut-poggenhagen.de\/kulturgut\/wordpress\/?s={search_term_string}"},"query-input":{"@type":"PropertyValueSpecification","valueRequired":true,"valueName":"search_term_string"}}],"inLanguage":"de"},{"@type":"Organization","@id":"https:\/\/www.kulturgut-poggenhagen.de\/kulturgut\/wordpress\/#organization","name":"KulturGut Poggenhagen e.V.","url":"https:\/\/www.kulturgut-poggenhagen.de\/kulturgut\/wordpress\/","logo":{"@type":"ImageObject","inLanguage":"de","@id":"https:\/\/www.kulturgut-poggenhagen.de\/kulturgut\/wordpress\/#\/schema\/logo\/image\/","url":"https:\/\/www.kulturgut-poggenhagen.de\/kulturgut\/wordpress\/wp-content\/uploads\/2021\/03\/logo-kulturgut-pink-hoch.png","contentUrl":"https:\/\/www.kulturgut-poggenhagen.de\/kulturgut\/wordpress\/wp-content\/uploads\/2021\/03\/logo-kulturgut-pink-hoch.png","width":535,"height":295,"caption":"KulturGut Poggenhagen e.V."},"image":{"@id":"https:\/\/www.kulturgut-poggenhagen.de\/kulturgut\/wordpress\/#\/schema\/logo\/image\/"}}]}},"_links":{"self":[{"href":"https:\/\/www.kulturgut-poggenhagen.de\/kulturgut\/wordpress\/wp-json\/wp\/v2\/pages\/6245","targetHints":{"allow":["GET"]}}],"collection":[{"href":"https:\/\/www.kulturgut-poggenhagen.de\/kulturgut\/wordpress\/wp-json\/wp\/v2\/pages"}],"about":[{"href":"https:\/\/www.kulturgut-poggenhagen.de\/kulturgut\/wordpress\/wp-json\/wp\/v2\/types\/page"}],"author":[{"embeddable":true,"href":"https:\/\/www.kulturgut-poggenhagen.de\/kulturgut\/wordpress\/wp-json\/wp\/v2\/users\/1"}],"replies":[{"embeddable":true,"href":"https:\/\/www.kulturgut-poggenhagen.de\/kulturgut\/wordpress\/wp-json\/wp\/v2\/comments?post=6245"}],"version-history":[{"count":24,"href":"https:\/\/www.kulturgut-poggenhagen.de\/kulturgut\/wordpress\/wp-json\/wp\/v2\/pages\/6245\/revisions"}],"predecessor-version":[{"id":6600,"href":"https:\/\/www.kulturgut-poggenhagen.de\/kulturgut\/wordpress\/wp-json\/wp\/v2\/pages\/6245\/revisions\/6600"}],"up":[{"embeddable":true,"href":"https:\/\/www.kulturgut-poggenhagen.de\/kulturgut\/wordpress\/wp-json\/wp\/v2\/pages\/4583"}],"wp:featuredmedia":[{"embeddable":true,"href":"https:\/\/www.kulturgut-poggenhagen.de\/kulturgut\/wordpress\/wp-json\/wp\/v2\/media\/6370"}],"wp:attachment":[{"href":"https:\/\/www.kulturgut-poggenhagen.de\/kulturgut\/wordpress\/wp-json\/wp\/v2\/media?parent=6245"}],"curies":[{"name":"wp","href":"https:\/\/api.w.org\/{rel}","templated":true}]}}