{"id":4510,"date":"2021-03-09T16:15:30","date_gmt":"2021-03-09T15:15:30","guid":{"rendered":"http:\/\/kulturgut.boye-design.de\/?page_id=4510"},"modified":"2026-03-08T20:27:53","modified_gmt":"2026-03-08T19:27:53","slug":"datenschutzerklaerung","status":"publish","type":"page","link":"https:\/\/www.kulturgut-poggenhagen.de\/kulturgut\/wordpress\/datenschutzerklaerung\/","title":{"rendered":"Datenschutzerkl\u00e4rung"},"content":{"rendered":"<div class=\"wpb-content-wrapper\"><p>[vc_row full_width=&#8220;stretch_row_content&#8220; no_bottom_margin=&#8220;yes&#8220; css=&#8220;.vc_custom_1615382389516{margin-top: 0px !important;margin-bottom: 0px !important;padding-top: 0px !important;padding-bottom: 0px !important;background-color: #ffffff !important;}&#8220;][vc_column 0=&#8220;&#8220; css=&#8220;.vc_custom_1615382208403{margin-top: 0px !important;margin-bottom: 0px !important;padding-top: 0px !important;}&#8220;][vc_separator color=&#8220;black&#8220; css=&#8220;.vc_custom_1615383326776{margin-top: 0px !important;padding-top: 0px !important;}&#8220;][\/vc_column][\/vc_row][vc_row][vc_column css=&#8220;.vc_custom_1615832499145{padding-top: 0px !important;padding-bottom: 0px !important;}&#8220;][vc_column_text css=&#8220;.vc_custom_1618390758930{margin-bottom: 20px !important;}&#8220;]<\/p>\n<h1 style=\"text-align: center;\">Datenschutzerkl\u00e4rung<\/h1>\n<p>[\/vc_column_text][vc_column_text css=&#8220;&#8220;]<\/p>\n<h4 style=\"text-align: center;\">Alle wichtigen Infos zur Nutzung Deiner Daten<\/h4>\n<p>[\/vc_column_text][\/vc_column][\/vc_row][vc_row][vc_column width=&#8220;1\/6&#8243;][\/vc_column][vc_column width=&#8220;4\/6&#8243;][vc_column_text css=&#8220;&#8220;]Der Schutz Deiner pers\u00f6nlichen Daten ist uns wichtig. Nachfolgend informieren wir Dich dar\u00fcber, welche personenbezogenen Daten beim Besuch dieser Website verarbeitet werden, zu welchen Zwecken dies geschieht und welche Rechte Dir zustehen.<\/p>\n<p>&nbsp;<\/p>\n<h5>Verantwortlicher<\/h5>\n<p>KulturGut Poggenhagen e.V.<br \/>\nGut Harms 5<br \/>\n31535 Neustadt am R\u00fcbenberge<\/p>\n<p>Telefon: 05032 \u2013 91 99 40<br \/>\nE-Mail: info&#64;kul&#116;&#117;&#114;&#103;&#117;&#116;&#45;&#112;&#111;&#103;&#x67;&#x65;&#x6e;&#x68;&#x61;&#x67;&#x65;&#x6e;&#x2e;&#x64;&#x65;<\/p>\n<p>&nbsp;<\/p>\n<h5>Zugriffsdaten und Server-Logfiles<\/h5>\n<p>Beim Aufruf dieser Website werden durch den Hostinganbieter automatisch Informationen erfasst und in sogenannten Server-Logfiles gespeichert. Dazu geh\u00f6ren insbesondere:<\/p>\n<p>\u2013 IP-Adresse<br \/>\n\u2013 Datum und Uhrzeit des Zugriffs<br \/>\n\u2013 aufgerufene Seite bzw. Datei<br \/>\n\u2013 Browsertyp und Browserversion<br \/>\n\u2013 verwendetes Betriebssystem<br \/>\n\u2013 Referrer-URL<br \/>\n\u2013 Name des Internet-Service-Providers<\/p>\n<p>Die Verarbeitung dieser Daten erfolgt, um die Website technisch bereitzustellen, die Stabilit\u00e4t und Sicherheit des Betriebs zu gew\u00e4hrleisten und Angriffe oder Missbrauch nachvollziehen zu k\u00f6nnen.<\/p>\n<p>Rechtsgrundlage ist Art. 6 Abs. 1 lit. f DSGVO.<\/p>\n<p>&nbsp;<\/p>\n<h5>Cookies<\/h5>\n<p>Diese Website verwendet Cookies. Dabei kann es sich sowohl um technisch erforderliche Cookies als auch um Cookies im Zusammenhang mit eingebundenen Inhalten und Funktionen handeln.<\/p>\n<p>Technisch erforderliche Cookies dienen dazu, die Website nutzerfreundlich und sicher bereitzustellen. Dar\u00fcber hinaus k\u00f6nnen beim Aufruf von Seiten mit eingebetteten Videos oder weiteren Funktionen Cookies durch Drittanbieter gesetzt werden.<\/p>\n<p>Rechtsgrundlagen sind Art. 6 Abs. 1 lit. f DSGVO sowie \u2013 soweit f\u00fcr das Speichern von Informationen auf Deinem Endger\u00e4t oder den Zugriff darauf erforderlich \u2013 \u00a7 25 TDDDG.<\/p>\n<p>&nbsp;<\/p>\n<h5>Kontaktformular<\/h5>\n<p>Wenn Du uns per Kontaktformular Anfragen zukommen l\u00e4sst, werden Deine Angaben aus dem Formular einschlie\u00dflich der dort angegebenen Kontaktdaten zum Zweck der Bearbeitung Deiner Anfrage und f\u00fcr den Fall von Anschlussfragen bei uns gespeichert.<\/p>\n<p>Rechtsgrundlage ist Art. 6 Abs. 1 lit. b DSGVO, sofern Deine Anfrage auf den Abschluss oder die Durchf\u00fchrung eines Vertrags gerichtet ist, oder Art. 6 Abs. 1 lit. f DSGVO bei sonstigen Anfragen.<\/p>\n<p>&nbsp;<\/p>\n<h5>Kontaktaufnahme per E-Mail oder Telefon<\/h5>\n<p>Wenn Du uns per E-Mail oder telefonisch kontaktierst, verarbeiten wir die von Dir mitgeteilten personenbezogenen Daten ausschlie\u00dflich zur Bearbeitung Deines Anliegens.<\/p>\n<p>Rechtsgrundlage ist Art. 6 Abs. 1 lit. b DSGVO oder Art. 6 Abs. 1 lit. f DSGVO.<\/p>\n<p>&nbsp;<\/p>\n<h5>Newsletter<\/h5>\n<p>Auf unserer Website hast Du die M\u00f6glichkeit, Dich f\u00fcr unseren Newsletter anzumelden. Dabei verarbeiten wir Deine E-Mail-Adresse sowie ggf. weitere freiwillige Angaben, um Dir unseren Newsletter zuzusenden.<\/p>\n<p>Die Anmeldung erfolgt auf Grundlage Deiner Einwilligung gem\u00e4\u00df Art. 6 Abs. 1 lit. a DSGVO.<\/p>\n<p>Die Anmeldung kann im Double-Opt-in-Verfahren erfolgen. Das bedeutet, dass Du nach der Anmeldung eine E-Mail erh\u00e4ltst, in der Du Deine Anmeldung best\u00e4tigen musst. Dadurch wird sichergestellt, dass sich niemand mit einer fremden E-Mail-Adresse anmelden kann.<\/p>\n<p>Du kannst Deine Einwilligung jederzeit \u00fcber den Abmeldelink im Newsletter widerrufen.<\/p>\n<p>&nbsp;<\/p>\n<h5>Eingebettete Videos von YouTube<\/h5>\n<p>Auf einzelnen Seiten dieser Website sind Videos des Anbieters YouTube eingebunden. Anbieter ist Google Ireland Limited, Gordon House, Barrow Street, Dublin 4, Irland.<\/p>\n<p>Beim Aufruf einer Seite mit eingebettetem YouTube-Video wird eine Verbindung zu Servern von YouTube hergestellt. Dabei k\u00f6nnen personenbezogene Daten, insbesondere Deine IP-Adresse, an YouTube \u00fcbermittelt werden. Zudem kann YouTube Cookies oder vergleichbare Technologien auf Deinem Endger\u00e4t speichern.<\/p>\n<p>&nbsp;<\/p>\n<h5>Eingebettete Videos von Vimeo<\/h5>\n<p>Auf einzelnen Seiten dieser Website sind Videos des Anbieters Vimeo eingebunden. Anbieter ist Vimeo.com, Inc., 330 West 34th Street, New York, NY 10001, USA.<\/p>\n<p>Beim Aufruf einer Seite mit eingebettetem Vimeo-Video wird eine Verbindung zu Servern von Vimeo hergestellt. Dabei k\u00f6nnen personenbezogene Daten, insbesondere Deine IP-Adresse, an Vimeo \u00fcbermittelt werden. Zudem kann Vimeo Cookies oder vergleichbare Technologien auf Deinem Endger\u00e4t speichern.<\/p>\n<p>&nbsp;<\/p>\n<h5>Karten von OpenStreetMap<\/h5>\n<p>Auf dieser Website verwenden wir Kartenmaterial des Dienstes OpenStreetMap. Anbieter ist die OpenStreetMap Foundation, St John\u2019s Innovation Centre, Cowley Road, Cambridge, United Kingdom.<\/p>\n<p>Beim Aufruf einer Seite mit einer eingebundenen Karte wird eine Verbindung zu Servern von OpenStreetMap hergestellt. Dabei k\u00f6nnen personenbezogene Daten, insbesondere Deine IP-Adresse, an OpenStreetMap \u00fcbermittelt werden.<\/p>\n<p>Weitere Informationen zum Umgang mit Nutzerdaten findest Du in der Datenschutzerkl\u00e4rung von OpenStreetMap.<\/p>\n<p>&nbsp;<\/p>\n<h5>Empf\u00e4nger personenbezogener Daten<\/h5>\n<p>Im Rahmen des Betriebs dieser Website kann es erforderlich sein, personenbezogene Daten an technische Dienstleister weiterzugeben, insbesondere an Hostinganbieter sowie an Anbieter eingebundener Dienste wie Video- oder Kartendienste.<\/p>\n<p>&nbsp;<\/p>\n<h5>Speicherdauer<\/h5>\n<p>Wir speichern personenbezogene Daten nur so lange, wie dies f\u00fcr die jeweiligen Zwecke erforderlich ist oder gesetzliche Aufbewahrungspflichten bestehen.<\/p>\n<p>&nbsp;<\/p>\n<h5>Deine Rechte<\/h5>\n<p>Du hast im Rahmen der geltenden gesetzlichen Bestimmungen das Recht auf:<\/p>\n<p>\u2013 Auskunft \u00fcber Deine gespeicherten personenbezogenen Daten<br \/>\n\u2013 Berichtigung unrichtiger Daten<br \/>\n\u2013 L\u00f6schung Deiner Daten<br \/>\n\u2013 Einschr\u00e4nkung der Verarbeitung<br \/>\n\u2013 Widerspruch gegen die Verarbeitung<br \/>\n\u2013 Daten\u00fcbertragbarkeit<br \/>\n\u2013 Widerruf einer erteilten Einwilligung<\/p>\n<p>&nbsp;<\/p>\n<h5>Beschwerderecht<\/h5>\n<p>Die Landesbeauftragte f\u00fcr den Datenschutz Niedersachsen<br \/>\nPrinzenstra\u00dfe 5<br \/>\n30159 Hannover<\/p>\n<p>&nbsp;<\/p>\n<h5>\u00c4nderungen dieser Datenschutzerkl\u00e4rung<\/h5>\n<p>Wir behalten uns vor, diese Datenschutzerkl\u00e4rung anzupassen, damit sie stets den aktuellen rechtlichen Anforderungen entspricht oder um \u00c4nderungen unserer Website abzubilden.<\/p>\n<p>&nbsp;<\/p>\n<p>Stand: M\u00e4rz 2026[\/vc_column_text][\/vc_column][vc_column width=&#8220;1\/6&#8243;][\/vc_column][\/vc_row][vc_row][vc_column][vc_empty_space][\/vc_column][\/vc_row]<\/p>\n<\/div>","protected":false},"excerpt":{"rendered":"<p>[vc_row full_width=&#8220;stretch_row_content&#8220; no_bottom_margin=&#8220;yes&#8220; css=&#8220;.vc_custom_1615382389516{margin-top: 0px !important;margin-bottom: 0px !important;padding-top: 0px !important;padding-bottom: 0px !important;background-color: #ffffff !important;}&#8220;][vc_column 0=&#8220;&#8220; css=&#8220;.vc_custom_1615382208403{margin-top: 0px !important;margin-bottom: 0px !important;padding-top: 0px !important;}&#8220;][vc_separator color=&#8220;black&#8220; css=&#8220;.vc_custom_1615383326776{margin-top: 0px !important;padding-top: 0px !important;}&#8220;][\/vc_column][\/vc_row][vc_row][vc_column css=&#8220;.vc_custom_1615832499145{padding-top: 0px !important;padding-bottom: 0px !important;}&#8220;][vc_column_text css=&#8220;.vc_custom_1618390758930{margin-bottom: 20px !important;}&#8220;] Datenschutzerkl\u00e4rung [\/vc_column_text][vc_column_text css=&#8220;&#8220;] Alle wichtigen Infos zur Nutzung Deiner Daten [\/vc_column_text][\/vc_column][\/vc_row][vc_row][vc_column width=&#8220;1\/6&#8243;][\/vc_column][vc_column width=&#8220;4\/6&#8243;][vc_column_text css=&#8220;&#8220;]Der Schutz Deiner pers\u00f6nlichen Daten ist&hellip;<\/p>\n","protected":false},"author":1,"featured_media":0,"parent":0,"menu_order":0,"comment_status":"closed","ping_status":"closed","template":"","meta":{"_acf_changed":false,"footnotes":""},"class_list":["post-4510","page","type-page","status-publish","hentry"],"acf":[],"yoast_head":"<!-- This site is optimized with the Yoast SEO plugin v27.5 - https:\/\/yoast.com\/product\/yoast-seo-wordpress\/ -->\n<title>Datenschutzerkl\u00e4rung - KulturGut Poggenhagen<\/title>\n<meta name=\"robots\" content=\"index, follow, max-snippet:-1, max-image-preview:large, max-video-preview:-1\" \/>\n<link rel=\"canonical\" href=\"https:\/\/www.kulturgut-poggenhagen.de\/kulturgut\/wordpress\/datenschutzerklaerung\/\" \/>\n<meta property=\"og:locale\" content=\"de_DE\" \/>\n<meta property=\"og:type\" content=\"article\" \/>\n<meta property=\"og:title\" content=\"Datenschutzerkl\u00e4rung - KulturGut Poggenhagen\" \/>\n<meta property=\"og:description\" content=\"[vc_row full_width=&#8220;stretch_row_content&#8220; no_bottom_margin=&#8220;yes&#8220; css=&#8220;.vc_custom_1615382389516{margin-top: 0px !important;margin-bottom: 0px !important;padding-top: 0px !important;padding-bottom: 0px !important;background-color: #ffffff !important;}&#8220;][vc_column 0=&#8220;&#8220; css=&#8220;.vc_custom_1615382208403{margin-top: 0px !important;margin-bottom: 0px !important;padding-top: 0px !important;}&#8220;][vc_separator color=&#8220;black&#8220; css=&#8220;.vc_custom_1615383326776{margin-top: 0px !important;padding-top: 0px !important;}&#8220;][\/vc_column][\/vc_row][vc_row][vc_column css=&#8220;.vc_custom_1615832499145{padding-top: 0px !important;padding-bottom: 0px !important;}&#8220;][vc_column_text css=&#8220;.vc_custom_1618390758930{margin-bottom: 20px !important;}&#8220;] Datenschutzerkl\u00e4rung [\/vc_column_text][vc_column_text css=&#8220;&#8220;] Alle wichtigen Infos zur Nutzung Deiner Daten [\/vc_column_text][\/vc_column][\/vc_row][vc_row][vc_column width=&#8220;1\/6&#8243;][\/vc_column][vc_column width=&#8220;4\/6&#8243;][vc_column_text css=&#8220;&#8220;]Der Schutz Deiner pers\u00f6nlichen Daten ist&hellip;\" \/>\n<meta property=\"og:url\" content=\"https:\/\/www.kulturgut-poggenhagen.de\/kulturgut\/wordpress\/datenschutzerklaerung\/\" \/>\n<meta property=\"og:site_name\" content=\"KulturGut Poggenhagen\" \/>\n<meta property=\"og:image\" content=\"https:\/\/www.kulturgut-poggenhagen.de\/kulturgut\/wordpress\/wp-content\/uploads\/2026\/03\/fruehling-kulturgut-poggenhagen.jpg\" \/>\n\t<meta property=\"og:image:width\" content=\"1000\" \/>\n\t<meta property=\"og:image:height\" content=\"750\" \/>\n\t<meta property=\"og:image:type\" content=\"image\/jpeg\" \/>\n<meta name=\"twitter:card\" content=\"summary_large_image\" \/>\n<meta name=\"twitter:label1\" content=\"Gesch\u00e4tzte Lesezeit\" \/>\n\t<meta name=\"twitter:data1\" content=\"5\u00a0Minuten\" \/>\n<script type=\"application\/ld+json\" class=\"yoast-schema-graph\">{\"@context\":\"https:\\\/\\\/schema.org\",\"@graph\":[{\"@type\":\"WebPage\",\"@id\":\"https:\\\/\\\/www.kulturgut-poggenhagen.de\\\/kulturgut\\\/wordpress\\\/datenschutzerklaerung\\\/\",\"url\":\"https:\\\/\\\/www.kulturgut-poggenhagen.de\\\/kulturgut\\\/wordpress\\\/datenschutzerklaerung\\\/\",\"name\":\"Datenschutzerkl\u00e4rung - KulturGut Poggenhagen\",\"isPartOf\":{\"@id\":\"https:\\\/\\\/www.kulturgut-poggenhagen.de\\\/kulturgut\\\/wordpress\\\/#website\"},\"datePublished\":\"2021-03-09T15:15:30+00:00\",\"dateModified\":\"2026-03-08T19:27:53+00:00\",\"breadcrumb\":{\"@id\":\"https:\\\/\\\/www.kulturgut-poggenhagen.de\\\/kulturgut\\\/wordpress\\\/datenschutzerklaerung\\\/#breadcrumb\"},\"inLanguage\":\"de\",\"potentialAction\":[{\"@type\":\"ReadAction\",\"target\":[\"https:\\\/\\\/www.kulturgut-poggenhagen.de\\\/kulturgut\\\/wordpress\\\/datenschutzerklaerung\\\/\"]}]},{\"@type\":\"BreadcrumbList\",\"@id\":\"https:\\\/\\\/www.kulturgut-poggenhagen.de\\\/kulturgut\\\/wordpress\\\/datenschutzerklaerung\\\/#breadcrumb\",\"itemListElement\":[{\"@type\":\"ListItem\",\"position\":1,\"name\":\"Startseite\",\"item\":\"https:\\\/\\\/www.kulturgut-poggenhagen.de\\\/kulturgut\\\/wordpress\\\/\"},{\"@type\":\"ListItem\",\"position\":2,\"name\":\"Datenschutzerkl\u00e4rung\"}]},{\"@type\":\"WebSite\",\"@id\":\"https:\\\/\\\/www.kulturgut-poggenhagen.de\\\/kulturgut\\\/wordpress\\\/#website\",\"url\":\"https:\\\/\\\/www.kulturgut-poggenhagen.de\\\/kulturgut\\\/wordpress\\\/\",\"name\":\"KulturGut Poggenhagen\",\"description\":\"Verein f\u00fcr Kunst und Kultur\",\"publisher\":{\"@id\":\"https:\\\/\\\/www.kulturgut-poggenhagen.de\\\/kulturgut\\\/wordpress\\\/#organization\"},\"potentialAction\":[{\"@type\":\"SearchAction\",\"target\":{\"@type\":\"EntryPoint\",\"urlTemplate\":\"https:\\\/\\\/www.kulturgut-poggenhagen.de\\\/kulturgut\\\/wordpress\\\/?s={search_term_string}\"},\"query-input\":{\"@type\":\"PropertyValueSpecification\",\"valueRequired\":true,\"valueName\":\"search_term_string\"}}],\"inLanguage\":\"de\"},{\"@type\":\"Organization\",\"@id\":\"https:\\\/\\\/www.kulturgut-poggenhagen.de\\\/kulturgut\\\/wordpress\\\/#organization\",\"name\":\"KulturGut Poggenhagen e.V.\",\"url\":\"https:\\\/\\\/www.kulturgut-poggenhagen.de\\\/kulturgut\\\/wordpress\\\/\",\"logo\":{\"@type\":\"ImageObject\",\"inLanguage\":\"de\",\"@id\":\"https:\\\/\\\/www.kulturgut-poggenhagen.de\\\/kulturgut\\\/wordpress\\\/#\\\/schema\\\/logo\\\/image\\\/\",\"url\":\"https:\\\/\\\/www.kulturgut-poggenhagen.de\\\/kulturgut\\\/wordpress\\\/wp-content\\\/uploads\\\/2021\\\/03\\\/logo-kulturgut-pink-hoch.png\",\"contentUrl\":\"https:\\\/\\\/www.kulturgut-poggenhagen.de\\\/kulturgut\\\/wordpress\\\/wp-content\\\/uploads\\\/2021\\\/03\\\/logo-kulturgut-pink-hoch.png\",\"width\":535,\"height\":295,\"caption\":\"KulturGut Poggenhagen e.V.\"},\"image\":{\"@id\":\"https:\\\/\\\/www.kulturgut-poggenhagen.de\\\/kulturgut\\\/wordpress\\\/#\\\/schema\\\/logo\\\/image\\\/\"}}]}<\/script>\n<!-- \/ Yoast SEO plugin. -->","yoast_head_json":{"title":"Datenschutzerkl\u00e4rung - KulturGut Poggenhagen","robots":{"index":"index","follow":"follow","max-snippet":"max-snippet:-1","max-image-preview":"max-image-preview:large","max-video-preview":"max-video-preview:-1"},"canonical":"https:\/\/www.kulturgut-poggenhagen.de\/kulturgut\/wordpress\/datenschutzerklaerung\/","og_locale":"de_DE","og_type":"article","og_title":"Datenschutzerkl\u00e4rung - KulturGut Poggenhagen","og_description":"[vc_row full_width=&#8220;stretch_row_content&#8220; no_bottom_margin=&#8220;yes&#8220; css=&#8220;.vc_custom_1615382389516{margin-top: 0px !important;margin-bottom: 0px !important;padding-top: 0px !important;padding-bottom: 0px !important;background-color: #ffffff !important;}&#8220;][vc_column 0=&#8220;&#8220; css=&#8220;.vc_custom_1615382208403{margin-top: 0px !important;margin-bottom: 0px !important;padding-top: 0px !important;}&#8220;][vc_separator color=&#8220;black&#8220; css=&#8220;.vc_custom_1615383326776{margin-top: 0px !important;padding-top: 0px !important;}&#8220;][\/vc_column][\/vc_row][vc_row][vc_column css=&#8220;.vc_custom_1615832499145{padding-top: 0px !important;padding-bottom: 0px !important;}&#8220;][vc_column_text css=&#8220;.vc_custom_1618390758930{margin-bottom: 20px !important;}&#8220;] Datenschutzerkl\u00e4rung [\/vc_column_text][vc_column_text css=&#8220;&#8220;] Alle wichtigen Infos zur Nutzung Deiner Daten [\/vc_column_text][\/vc_column][\/vc_row][vc_row][vc_column width=&#8220;1\/6&#8243;][\/vc_column][vc_column width=&#8220;4\/6&#8243;][vc_column_text css=&#8220;&#8220;]Der Schutz Deiner pers\u00f6nlichen Daten ist&hellip;","og_url":"https:\/\/www.kulturgut-poggenhagen.de\/kulturgut\/wordpress\/datenschutzerklaerung\/","og_site_name":"KulturGut Poggenhagen","og_image":[{"width":1000,"height":750,"url":"https:\/\/www.kulturgut-poggenhagen.de\/kulturgut\/wordpress\/wp-content\/uploads\/2026\/03\/fruehling-kulturgut-poggenhagen.jpg","type":"image\/jpeg"}],"twitter_card":"summary_large_image","twitter_misc":{"Gesch\u00e4tzte Lesezeit":"5\u00a0Minuten"},"schema":{"@context":"https:\/\/schema.org","@graph":[{"@type":"WebPage","@id":"https:\/\/www.kulturgut-poggenhagen.de\/kulturgut\/wordpress\/datenschutzerklaerung\/","url":"https:\/\/www.kulturgut-poggenhagen.de\/kulturgut\/wordpress\/datenschutzerklaerung\/","name":"Datenschutzerkl\u00e4rung - KulturGut Poggenhagen","isPartOf":{"@id":"https:\/\/www.kulturgut-poggenhagen.de\/kulturgut\/wordpress\/#website"},"datePublished":"2021-03-09T15:15:30+00:00","dateModified":"2026-03-08T19:27:53+00:00","breadcrumb":{"@id":"https:\/\/www.kulturgut-poggenhagen.de\/kulturgut\/wordpress\/datenschutzerklaerung\/#breadcrumb"},"inLanguage":"de","potentialAction":[{"@type":"ReadAction","target":["https:\/\/www.kulturgut-poggenhagen.de\/kulturgut\/wordpress\/datenschutzerklaerung\/"]}]},{"@type":"BreadcrumbList","@id":"https:\/\/www.kulturgut-poggenhagen.de\/kulturgut\/wordpress\/datenschutzerklaerung\/#breadcrumb","itemListElement":[{"@type":"ListItem","position":1,"name":"Startseite","item":"https:\/\/www.kulturgut-poggenhagen.de\/kulturgut\/wordpress\/"},{"@type":"ListItem","position":2,"name":"Datenschutzerkl\u00e4rung"}]},{"@type":"WebSite","@id":"https:\/\/www.kulturgut-poggenhagen.de\/kulturgut\/wordpress\/#website","url":"https:\/\/www.kulturgut-poggenhagen.de\/kulturgut\/wordpress\/","name":"KulturGut Poggenhagen","description":"Verein f\u00fcr Kunst und Kultur","publisher":{"@id":"https:\/\/www.kulturgut-poggenhagen.de\/kulturgut\/wordpress\/#organization"},"potentialAction":[{"@type":"SearchAction","target":{"@type":"EntryPoint","urlTemplate":"https:\/\/www.kulturgut-poggenhagen.de\/kulturgut\/wordpress\/?s={search_term_string}"},"query-input":{"@type":"PropertyValueSpecification","valueRequired":true,"valueName":"search_term_string"}}],"inLanguage":"de"},{"@type":"Organization","@id":"https:\/\/www.kulturgut-poggenhagen.de\/kulturgut\/wordpress\/#organization","name":"KulturGut Poggenhagen e.V.","url":"https:\/\/www.kulturgut-poggenhagen.de\/kulturgut\/wordpress\/","logo":{"@type":"ImageObject","inLanguage":"de","@id":"https:\/\/www.kulturgut-poggenhagen.de\/kulturgut\/wordpress\/#\/schema\/logo\/image\/","url":"https:\/\/www.kulturgut-poggenhagen.de\/kulturgut\/wordpress\/wp-content\/uploads\/2021\/03\/logo-kulturgut-pink-hoch.png","contentUrl":"https:\/\/www.kulturgut-poggenhagen.de\/kulturgut\/wordpress\/wp-content\/uploads\/2021\/03\/logo-kulturgut-pink-hoch.png","width":535,"height":295,"caption":"KulturGut Poggenhagen e.V."},"image":{"@id":"https:\/\/www.kulturgut-poggenhagen.de\/kulturgut\/wordpress\/#\/schema\/logo\/image\/"}}]}},"_links":{"self":[{"href":"https:\/\/www.kulturgut-poggenhagen.de\/kulturgut\/wordpress\/wp-json\/wp\/v2\/pages\/4510","targetHints":{"allow":["GET"]}}],"collection":[{"href":"https:\/\/www.kulturgut-poggenhagen.de\/kulturgut\/wordpress\/wp-json\/wp\/v2\/pages"}],"about":[{"href":"https:\/\/www.kulturgut-poggenhagen.de\/kulturgut\/wordpress\/wp-json\/wp\/v2\/types\/page"}],"author":[{"embeddable":true,"href":"https:\/\/www.kulturgut-poggenhagen.de\/kulturgut\/wordpress\/wp-json\/wp\/v2\/users\/1"}],"replies":[{"embeddable":true,"href":"https:\/\/www.kulturgut-poggenhagen.de\/kulturgut\/wordpress\/wp-json\/wp\/v2\/comments?post=4510"}],"version-history":[{"count":13,"href":"https:\/\/www.kulturgut-poggenhagen.de\/kulturgut\/wordpress\/wp-json\/wp\/v2\/pages\/4510\/revisions"}],"predecessor-version":[{"id":8164,"href":"https:\/\/www.kulturgut-poggenhagen.de\/kulturgut\/wordpress\/wp-json\/wp\/v2\/pages\/4510\/revisions\/8164"}],"wp:attachment":[{"href":"https:\/\/www.kulturgut-poggenhagen.de\/kulturgut\/wordpress\/wp-json\/wp\/v2\/media?parent=4510"}],"curies":[{"name":"wp","href":"https:\/\/api.w.org\/{rel}","templated":true}]}}